{"id":1931,"date":"2023-03-20T00:29:15","date_gmt":"2023-03-19T23:29:15","guid":{"rendered":"https:\/\/archive.belbi.bg.ac.rs\/2023\/?page_id=1931"},"modified":"2023-07-14T16:35:08","modified_gmt":"2023-07-14T15:35:08","slug":"program","status":"publish","type":"page","link":"https:\/\/archive.belbi.bg.ac.rs\/2023\/program\/","title":{"rendered":"Final Program"},"content":{"rendered":"\n<h2 class=\"wp-block-heading\">Monday, June 19, 2023<\/h2>\n\n\n\n<div class=\"wp-block-columns is-layout-flex wp-block-columns-is-layout-flex\">\n<div class=\"wp-block-column session-time is-layout-flow wp-block-column-is-layout-flow\" style=\"flex-basis:20%\">\n<p>09:00-11:00<\/p>\n<\/div>\n\n\n\n<div class=\"wp-block-column session-desc is-layout-flow wp-block-column-is-layout-flow\" style=\"flex-basis:80%\">\n<p><strong>Registration<\/strong>, Lobby<\/p>\n<\/div>\n<\/div>\n\n\n\n<div class=\"wp-block-columns is-layout-flex wp-block-columns-is-layout-flex\">\n<div class=\"wp-block-column session-time is-layout-flow wp-block-column-is-layout-flow\" style=\"flex-basis:20%\">\n<p>11:00-11:30<\/p>\n<\/div>\n\n\n\n<div class=\"wp-block-column session-desc is-layout-flow wp-block-column-is-layout-flow\" style=\"flex-basis:80%\">\n<p class=\"has-black-color has-text-color\"><strong>Opening Ceremony<\/strong>, Hall Nikola Tesla 1<\/p>\n<\/div>\n<\/div>\n\n\n\n<div class=\"wp-block-columns is-layout-flex wp-block-columns-is-layout-flex\">\n<div class=\"wp-block-column session-time is-layout-flow wp-block-column-is-layout-flow\" style=\"flex-basis:20%\">\n<p>11:30-12:30<\/p>\n<\/div>\n\n\n\n<div class=\"wp-block-column session-desc is-layout-flow wp-block-column-is-layout-flow\" style=\"flex-basis:80%\">\n<p><strong>Keynote lecture<\/strong>, Hall Nikola Tesla 1<br>Prof. Dr. Ewan Birney (online)<br><a href=\"https:\/\/archive.belbi.bg.ac.rs\/2023\/abstract\/how-embl-delivers-big-data-for-biology-and-some-highlights-of-its-application-to-human-disease-biology\/\" target=\"_blank\" rel=\"noreferrer noopener\">Big Data in Biology: How EMBL delivers big data for biology, and some highlights of its application to human disease<\/a><\/p>\n<\/div>\n<\/div>\n\n\n\n<div class=\"wp-block-columns is-layout-flex wp-block-columns-is-layout-flex\">\n<div class=\"wp-block-column session-time is-layout-flow wp-block-column-is-layout-flow\" style=\"flex-basis:20%\">\n<p>12:30-13:30<\/p>\n<\/div>\n\n\n\n<div class=\"wp-block-column session-desc is-layout-flow wp-block-column-is-layout-flow\" style=\"flex-basis:80%\">\n<p><strong>Keynote lecture<\/strong>, Hall Nikola Tesla 1<\/p>\n\n\n\n<p>Prof. Dr. Kristel Van Steen<\/p>\n\n\n\n<p><a href=\"https:\/\/archive.belbi.bg.ac.rs\/2023\/abstract\/a-tale-of-two-stories-data-driven-precision-medicine-and-precision-public-health\/\" target=\"_blank\" rel=\"noreferrer noopener\">A tale of two stories: data-driven precision medicine and precision public health<\/a><\/p>\n<\/div>\n<\/div>\n\n\n\n<div class=\"wp-block-columns is-layout-flex wp-block-columns-is-layout-flex\">\n<div class=\"wp-block-column session-time is-layout-flow wp-block-column-is-layout-flow\" style=\"flex-basis:20%\">\n<p>13:30-14:30<\/p>\n<\/div>\n\n\n\n<div class=\"wp-block-column session-desc is-layout-flow wp-block-column-is-layout-flow\" style=\"flex-basis:80%\">\n<p><strong>Foody Coffee<\/strong>, Lobby<\/p>\n<\/div>\n<\/div>\n\n\n\n<div class=\"wp-block-columns is-layout-flex wp-block-columns-is-layout-flex\">\n<div class=\"wp-block-column session-time is-layout-flow wp-block-column-is-layout-flow\" style=\"flex-basis:20%\">\n<p>14:30-15:30<\/p>\n<\/div>\n\n\n\n<div class=\"wp-block-column session-desc is-layout-flow wp-block-column-is-layout-flow\" style=\"flex-basis:80%\">\n<p><strong>Keynote lecture<\/strong>, Hall Nikola Tesla 1<\/p>\n\n\n\n<p>Prof. Dr. Carlo Cannistraci<br><a href=\"https:\/\/archive.belbi.bg.ac.rs\/2023\/abstract\/machine-intelligence-and-network-science-for-complex-systems-big-data-analysis\/\" target=\"_blank\" rel=\"noreferrer noopener\">Machine intelligence and network science for complex systems big data analysis<\/a><\/p>\n<\/div>\n<\/div>\n\n\n\n<div class=\"wp-block-columns is-layout-flex wp-block-columns-is-layout-flex\">\n<div class=\"wp-block-column session-time is-layout-flow wp-block-column-is-layout-flow\" style=\"flex-basis:20%\">\n<p>15:30-16:00<\/p>\n<\/div>\n\n\n\n<div class=\"wp-block-column session-desc is-layout-flow wp-block-column-is-layout-flow\" style=\"flex-basis:80%\">\n<p><strong>Sponsors exibition viewing<\/strong>, Lobby<\/p>\n<\/div>\n<\/div>\n\n\n\n<div class=\"wp-block-columns is-layout-flex wp-block-columns-is-layout-flex\">\n<div class=\"wp-block-column session-time is-layout-flow wp-block-column-is-layout-flow\" style=\"flex-basis:20%\">\n<p>16:00-17:30<\/p>\n<\/div>\n\n\n\n<div class=\"wp-block-column session-desc is-layout-flow wp-block-column-is-layout-flow\" style=\"flex-basis:80%\">\n<p><strong><mark style=\"background-color:rgba(0, 0, 0, 0);color:#9161ab\" class=\"has-inline-color\">PARALLEL SESSIONS<\/mark><\/strong><\/p>\n\n\n\n<p><strong>Single cell omics<\/strong>, Hall Nikola Tesla 1<span class=\"collapseomatic \" id=\"id69f168fdcc707\"  tabindex=\"0\" title=\"\"    ><\/span><div id=\"target-id69f168fdcc707\" class=\"collapseomatic_content \"><img loading=\"lazy\" decoding=\"async\" width=\"100\" height=\"50\" class=\"wp-image-3265\" style=\"width: 1.5em\" src=\"https:\/\/archive.belbi.bg.ac.rs\/2023\/wp-content\/uploads\/2023\/06\/IS-icon.svg\" alt=\"\">16:00-16:30 Vladimir Brusic, <a href=\"https:\/\/archive.belbi.bg.ac.rs\/2023\/abstract\/prediction-of-cell-types-using-single-cell-mrna-profiles\/\" target=\"_blank\" rel=\"noreferrer noopener\">Prediction of cell types using single-cell mRNA profiles<\/a><br><img decoding=\"async\" class=\"wp-image-3265\" style=\"width: 1.5em\" src=\"https:\/\/archive.belbi.bg.ac.rs\/2023\/wp-content\/uploads\/2023\/06\/OP-icon.svg\" alt=\"\">16:30-16:45 Ur\u0161ula Prosenc, <a href=\"https:\/\/archive.belbi.bg.ac.rs\/2023\/abstract\/exploration-of-pharmacogenomic-biomarkers-in-chronic-immune-diseases-using-single-cell-rna-sequencing\/\" target=\"_blank\" rel=\"noreferrer noopener\">Exploration of Pharmacogenomic Biomarkers in Chronic Immune Diseases Using Single-Cell RNA Sequencing<\/a><br><img decoding=\"async\" class=\"wp-image-3265\" style=\"width: 1.5em\" src=\"https:\/\/archive.belbi.bg.ac.rs\/2023\/wp-content\/uploads\/2023\/06\/OP-icon.svg\" alt=\"\">16:45-17:00 Nevena Milivojevi\u0107, <a href=\"https:\/\/archive.belbi.bg.ac.rs\/2023\/abstract\/single-cell-3-transcriptome-profiling\/\" target=\"_blank\" rel=\"noreferrer noopener\">Single cell 3` transcriptome profiling<\/a><br><img decoding=\"async\" class=\"wp-image-3265\" style=\"width: 1.5em\" src=\"https:\/\/archive.belbi.bg.ac.rs\/2023\/wp-content\/uploads\/2023\/06\/SS-icon.svg\" alt=\"\">17:00-17:15 <em>Sponsor session<\/em> 10X Genomics<\/div>\n\n\n\n<p><strong>Computational systems biology<\/strong>, Hall Nikola Tesla 2<span class=\"collapseomatic \" id=\"id69f168fdcc777\"  tabindex=\"0\" title=\"\"    ><\/span><div id=\"target-id69f168fdcc777\" class=\"collapseomatic_content \"><img loading=\"lazy\" decoding=\"async\" width=\"100\" height=\"50\" class=\"wp-image-3265\" style=\"width: 1.5em\" src=\"https:\/\/archive.belbi.bg.ac.rs\/2023\/wp-content\/uploads\/2023\/06\/IS-icon.svg\" alt=\"\">16:00-16:30 Konstantin Severinov, <a href=\"https:\/\/archive.belbi.bg.ac.rs\/2023\/abstract\/persistence-of-plasmids-targeted-by-crispr-interference-in-bacterial-populations\/\" target=\"_blank\" rel=\"noreferrer noopener\">Stochastic variation of intracellular amounts of restriction-modification enzymes allows phages to overcome the RM defence<\/a><br><img decoding=\"async\" class=\"wp-image-3265\" style=\"width: 1.5em\" src=\"https:\/\/archive.belbi.bg.ac.rs\/2023\/wp-content\/uploads\/2023\/06\/OP-icon.svg\" alt=\"\">16:30-16:50 Marko Djordjevic, <a href=\"https:\/\/archive.belbi.bg.ac.rs\/2023\/abstract\/modulating-horizontal-gene-transfer-through-bistability-in-the-dynamics-of-bacterial-restriction-modification-systems\/\" target=\"_blank\" rel=\"noreferrer noopener\">Modulating Horizontal Gene Transfer through Bistability in the Dynamics of Bacterial Restriction-Modification Systems<\/a><br><img decoding=\"async\" class=\"wp-image-3265\" style=\"width: 1.5em\" src=\"https:\/\/archive.belbi.bg.ac.rs\/2023\/wp-content\/uploads\/2023\/06\/OP-icon.svg\" alt=\"\">16:50-17:10 Bogdan Kirillov, <a href=\"https:\/\/archive.belbi.bg.ac.rs\/2023\/abstract\/the-use-of-active-machine-learning-for-protospacer-adjacent-motif-recovery-in-class-2-crispr-cas-systems\/\" target=\"_blank\" rel=\"noreferrer noopener\">The use of Active Machine Learning for Protospacer-Adjacent Motif recovery in Class 2 CRISPR-Cas systems<\/a><\/div>\n<\/div>\n<\/div>\n\n\n\n<div class=\"wp-block-columns is-layout-flex wp-block-columns-is-layout-flex\">\n<div class=\"wp-block-column session-time is-layout-flow wp-block-column-is-layout-flow\" style=\"flex-basis:20%\">\n<p>17:30-19:30<\/p>\n<\/div>\n\n\n\n<div class=\"wp-block-column session-desc is-layout-flow wp-block-column-is-layout-flow\" style=\"flex-basis:80%\">\n<p><em><a href=\"https:\/\/archive.belbi.bg.ac.rs\/2023\/belgrade-city-tour\/#monday\">City tour Monday<\/a><\/em><\/p>\n<\/div>\n<\/div>\n\n\n\n<div class=\"wp-block-columns is-layout-flex wp-block-columns-is-layout-flex\">\n<div class=\"wp-block-column session-time is-layout-flow wp-block-column-is-layout-flow\" style=\"flex-basis:20%\">\n<p>20:30-23:30<\/p>\n<\/div>\n\n\n\n<div class=\"wp-block-column session-desc is-layout-flow wp-block-column-is-layout-flow\" style=\"flex-basis:80%\">\n<p><strong>Welcome Coctail<\/strong>, Hall Nikola Tesla 1<\/p>\n<\/div>\n<\/div>\n\n\n\n<h2 class=\"wp-block-heading\">Tuesday, June 20, 2023<\/h2>\n\n\n\n<div class=\"wp-block-columns is-layout-flex wp-block-columns-is-layout-flex\">\n<div class=\"wp-block-column session-time is-layout-flow wp-block-column-is-layout-flow\" style=\"flex-basis:20%\">\n<p>08:00-09:00<\/p>\n<\/div>\n\n\n\n<div class=\"wp-block-column session-desc is-layout-flow wp-block-column-is-layout-flow\" style=\"flex-basis:80%\">\n<p><strong>Registration<\/strong>, Lobby<\/p>\n<\/div>\n<\/div>\n\n\n\n<div class=\"wp-block-columns is-layout-flex wp-block-columns-is-layout-flex\">\n<div class=\"wp-block-column session-time is-layout-flow wp-block-column-is-layout-flow\" style=\"flex-basis:20%\">\n<p>09:00-10:00<\/p>\n<\/div>\n\n\n\n<div class=\"wp-block-column session-desc is-layout-flow wp-block-column-is-layout-flow\" style=\"flex-basis:80%\">\n<p><strong>Keynote lecture<\/strong>, Hall Nikola Tesla 1<br>Prof. Dr. Peter Tompa<br><a href=\"https:\/\/archive.belbi.bg.ac.rs\/2023\/abstract\/targeting-llps-in-disease-a-new-modality-in-drug-development\/\" target=\"_blank\" rel=\"noreferrer noopener\">Targeting LLPS in disease: a new modality in drug development<\/a><\/p>\n<\/div>\n<\/div>\n\n\n\n<div class=\"wp-block-columns is-layout-flex wp-block-columns-is-layout-flex\">\n<div class=\"wp-block-column session-time is-layout-flow wp-block-column-is-layout-flow\" style=\"flex-basis:20%\">\n<p>10:00-11:00<\/p>\n<\/div>\n\n\n\n<div class=\"wp-block-column session-desc is-layout-flow wp-block-column-is-layout-flow\" style=\"flex-basis:80%\">\n<p><strong><mark style=\"background-color:rgba(0, 0, 0, 0);color:#9161ab\" class=\"has-inline-color\">PARALLEL SESSIONS<\/mark><\/strong><\/p>\n\n\n\n<p><strong>Omics data<\/strong>, Hall Nikola Tesla 1<span class=\"collapseomatic \" id=\"id69f168fdcc796\"  tabindex=\"0\" title=\"\"    ><\/span><div id=\"target-id69f168fdcc796\" class=\"collapseomatic_content \"><img loading=\"lazy\" decoding=\"async\" width=\"100\" height=\"50\" class=\"wp-image-3265\" style=\"width: 1.5em\" src=\"https:\/\/archive.belbi.bg.ac.rs\/2023\/wp-content\/uploads\/2023\/06\/IS-icon.svg\" alt=\"\">10:00-10:30 Natasa Przulj, <a href=\"https:\/\/archive.belbi.bg.ac.rs\/2023\/abstract\/omics-data-fusion-for-understanding-molecular-complexity-enabling-precision-medicine\/\" target=\"_blank\" rel=\"noreferrer noopener\">Omics Data Fusion for Understanding Molecular Complexity Enabling Precision Medicine<\/a><br><img loading=\"lazy\" decoding=\"async\" width=\"100\" height=\"50\" class=\"wp-image-3265\" style=\"width: 1.5em\" src=\"https:\/\/archive.belbi.bg.ac.rs\/2023\/wp-content\/uploads\/2023\/06\/IS-icon.svg\" alt=\"\">10:30-11:00 Noel Malod-Dognin, <a href=\"https:\/\/archive.belbi.bg.ac.rs\/2023\/abstract\/exploiting-the-linear-organisation-of-omics-network-embedding-spaces\/\" target=\"_blank\" rel=\"noreferrer noopener\">Exploiting the linear organisation of omics network embedding spaces<\/a><\/div>\n\n\n\n<p><strong>Theoretical biology<\/strong>, Hall Nikola Tesla 2<span class=\"collapseomatic \" id=\"id69f168fdcc7ab\"  tabindex=\"0\" title=\"\"    ><\/span><div id=\"target-id69f168fdcc7ab\" class=\"collapseomatic_content \"><img loading=\"lazy\" decoding=\"async\" width=\"100\" height=\"50\" class=\"wp-image-3265\" style=\"width: 1.5em\" src=\"https:\/\/archive.belbi.bg.ac.rs\/2023\/wp-content\/uploads\/2023\/06\/IS-icon.svg\" alt=\"\">10:00-10:30 Elena Fimmel, <a href=\"https:\/\/archive.belbi.bg.ac.rs\/2023\/abstract\/circular-codes-in-the-genetic-information\/\" target=\"_blank\" rel=\"noreferrer noopener\">Circular Codes in the Genetic Information<\/a><br><img loading=\"lazy\" decoding=\"async\" width=\"100\" height=\"50\" class=\"wp-image-3265\" style=\"width: 1.5em\" src=\"https:\/\/archive.belbi.bg.ac.rs\/2023\/wp-content\/uploads\/2023\/06\/IS-icon.svg\" alt=\"\">10:30-11:00 Alex Bateman, <a href=\"https:\/\/archive.belbi.bg.ac.rs\/2023\/abstract\/using-ai-ml-to-transform-molecular-biology-databases\/\" target=\"_blank\" rel=\"noreferrer noopener\">Using AI\/ML to transform molecular biology databases<\/a><\/div>\n\n\n\n<p><strong>Meet the expert session<\/strong>, Hall Lavander<span class=\"collapseomatic \" id=\"id69f168fdcc7bd\"  tabindex=\"0\" title=\"\"    ><\/span><div id=\"target-id69f168fdcc7bd\" class=\"collapseomatic_content \">10:00-11:00 Prof. Dr. Peter Tompa and Prof. Dr. Sean Mooney<\/div>\n\n\n\n<p><strong><a href=\"https:\/\/archive.belbi.bg.ac.rs\/2023\/ca21169-dynalife-wg1-meeting-belgrade-2023\/#tuesday\" target=\"_blank\" rel=\"noreferrer noopener\">COST Action CA21169 meeting<\/a><\/strong>, Hall Aristotel<\/p>\n<\/div>\n<\/div>\n\n\n\n<div class=\"wp-block-columns is-layout-flex wp-block-columns-is-layout-flex\">\n<div class=\"wp-block-column session-time is-layout-flow wp-block-column-is-layout-flow\" style=\"flex-basis:20%\">\n<p>11:00-11:30<\/p>\n<\/div>\n\n\n\n<div class=\"wp-block-column session-desc is-layout-flow wp-block-column-is-layout-flow\" style=\"flex-basis:80%\">\n<p><strong>Coffee Break<\/strong>, Lobby<\/p>\n<\/div>\n<\/div>\n\n\n\n<div class=\"wp-block-columns is-layout-flex wp-block-columns-is-layout-flex\">\n<div class=\"wp-block-column session-time is-layout-flow wp-block-column-is-layout-flow\" style=\"flex-basis:20%\">\n<p>11:30-13:30<\/p>\n<\/div>\n\n\n\n<div class=\"wp-block-column session-desc is-layout-flow wp-block-column-is-layout-flow\" style=\"flex-basis:80%\">\n<p><strong><a href=\"https:\/\/archive.belbi.bg.ac.rs\/2023\/ngs-challenge\/\" target=\"_blank\" rel=\"noreferrer noopener\">NGS Challenge<\/a><\/strong>, Hall Nikola Tesla 1<\/p>\n<\/div>\n<\/div>\n\n\n\n<div class=\"wp-block-columns is-layout-flex wp-block-columns-is-layout-flex\">\n<div class=\"wp-block-column session-time is-layout-flow wp-block-column-is-layout-flow\" style=\"flex-basis:20%\">\n<p>13:30-14:30<\/p>\n<\/div>\n\n\n\n<div class=\"wp-block-column session-desc is-layout-flow wp-block-column-is-layout-flow\" style=\"flex-basis:80%\">\n<p><strong>Lunch<\/strong>, Restaurant<\/p>\n<\/div>\n<\/div>\n\n\n\n<div class=\"wp-block-columns is-layout-flex wp-block-columns-is-layout-flex\">\n<div class=\"wp-block-column session-time is-layout-flow wp-block-column-is-layout-flow\" style=\"flex-basis:20%\">\n<p>14:30-15:30<\/p>\n<\/div>\n\n\n\n<div class=\"wp-block-column session-desc is-layout-flow wp-block-column-is-layout-flow\" style=\"flex-basis:80%\">\n<p><strong>Keynote lecture<\/strong>, Hall Nikola Tesla 1<\/p>\n\n\n\n<p>Prof. Dr. Sean Mooney<\/p>\n\n\n\n<p><a href=\"https:\/\/archive.belbi.bg.ac.rs\/2023\/abstract\/translating-bioinformatics-back-to-healthcare-facilitating-the-use-of-artificial-intelligence-at-uw-medicine\/\" target=\"_blank\" rel=\"noreferrer noopener\">Translating Bioinformatics Back To Healthcare: Facilitating the use of Artificial Intelligence at UW Medicine<\/a><\/p>\n<\/div>\n<\/div>\n\n\n\n<div class=\"wp-block-columns is-layout-flex wp-block-columns-is-layout-flex\">\n<div class=\"wp-block-column session-time is-layout-flow wp-block-column-is-layout-flow\" style=\"flex-basis:20%\">\n<p>15:30-16:30<\/p>\n<\/div>\n\n\n\n<div class=\"wp-block-column session-desc is-layout-flow wp-block-column-is-layout-flow\" style=\"flex-basis:80%\">\n<p><strong><strong><mark style=\"background-color:rgba(0, 0, 0, 0);color:#9161ab\" class=\"has-inline-color\">PARALLEL SESSIONS<\/mark><\/strong><\/strong><\/p>\n\n\n\n<p><strong>Poster session with flash talk<\/strong>, Hall Lavander<span class=\"collapseomatic \" id=\"id69f168fdcc7d2\"  tabindex=\"0\" title=\"\"    ><\/span><div id=\"target-id69f168fdcc7d2\" class=\"collapseomatic_content \"><em>Isidora Pantovic<\/em>, <a href=\"https:\/\/archive.belbi.bg.ac.rs\/2023\/abstract\/evaluation-of-variant-calling-tools-for-detection-of-snvs-in-brca1-and-brca2-genes-in-patients-from-the-institute-of-oncology-and-radiology-of-serbia\/\" target=\"_blank\" rel=\"noreferrer noopener\">Evaluation of variant calling tools for detection of SNVs in BRCA1 and BRCA2 genes in patients from the Institute of Oncology and Radiology of Serbia<\/a><br><em>Jovana Dobreva<\/em>, <a href=\"https:\/\/archive.belbi.bg.ac.rs\/2023\/abstract\/analysis-of-long-covid-phenotypes-and-their-impact-on-mental-health-and-daily-functioning-insights-from-twitter\/\" target=\"_blank\" rel=\"noreferrer noopener\">Analysis of Long COVID Phenotypes and their Impact on Mental Health and Daily Functioning: Insights from Twitter<\/a><br><em>Marianna Lucafo<\/em>, <a href=\"https:\/\/archive.belbi.bg.ac.rs\/2023\/abstract\/transcriptomic-profiling-of-white-blood-cells-reveals-new-insights-into-the-molecular-mechanisms-of-thalidomide-in-children-with-inflammatory-bowel-disease\/\" target=\"_blank\" rel=\"noreferrer noopener\">Transcriptomic profiling of white blood cells reveals new insights into the molecular mechanisms of thalidomide in children with inflammatory bowel disease<\/a><br><em>Marija Mijovic<\/em>, <a href=\"https:\/\/archive.belbi.bg.ac.rs\/2023\/abstract\/potentially-relevant-variants-of-unknown-significance-in-ngs-tested-patients-with-suspected-skeletal-dysplasia\/\" target=\"_blank\" rel=\"noreferrer noopener\">Potentially relevant variants of unknown significance in NGS-tested patients with suspected skeletal dysplasia<\/a><br><em>Marina Popovic Krneta<\/em>, <a href=\"https:\/\/archive.belbi.bg.ac.rs\/2023\/abstract\/supervised-machine-learning-approach-for-prediction-of-occult-lymph-node-metastasis-in-t1-t2-papillary-thyroid-carcinoma\/\" target=\"_blank\" rel=\"noreferrer noopener\">Supervised Machine Learning Approach for Prediction of Occult Lymph Node Metastasis in T1-T2 Papillary Thyroid Carcinoma<\/a><br><em>Milan Stefanovic<\/em>, <a href=\"https:\/\/archive.belbi.bg.ac.rs\/2023\/abstract\/pathway-analysis-of-cd8-t-cell-transcriptome-in-glioblastoma-patients-reveales-multiple-sclerosis-signaling-pathway-as-the-top-rated-upregulated-disease-pathway-in-tumor-infiltrating-cells\/\" target=\"_blank\" rel=\"noreferrer noopener\">Pathway analysis of CD8+ T cell transcriptome in glioblastoma patients reveals multiple sclerosis signaling pathway as the top rated upregulated disease pathway in tumor infiltrating cells<\/a><br><em>Nevena Ciric<\/em>, <a href=\"https:\/\/archive.belbi.bg.ac.rs\/2023\/abstract\/methodology-performance-and-retrainability-survey-of-intrinsic-disorder-predictors\/\" target=\"_blank\" rel=\"noreferrer noopener\">Methodology, performance and retrainability survey of intrinsic disorder predictors<\/a><br><em>Nikola Kotur<\/em>, <a href=\"https:\/\/archive.belbi.bg.ac.rs\/2023\/abstract\/genome-wide-association-analysis-for-severe-covid-19-in-serbian-population\/\" target=\"_blank\" rel=\"noreferrer noopener\">Genome-wide association analysis for severe COVID-19 in Serbian population<\/a><br><em>Stefan Kapunac<\/em>, <a href=\"https:\/\/archive.belbi.bg.ac.rs\/2023\/abstract\/analysis-of-nucleotide-sequence-repeats-in-coronaviruses\/\" target=\"_blank\" rel=\"noreferrer noopener\">Analysis of nucleotide sequence repeats in coronaviruses<\/a><br><em>Vladimir Ga\u0161i\u0107<\/em>, <a href=\"https:\/\/archive.belbi.bg.ac.rs\/2023\/abstract\/in-silico-analysis-and-prediction-of-novel-pharmacogenomic-markers-of-pediatric-all-treatment\/\" target=\"_blank\" rel=\"noreferrer noopener\">In Silico analysis and prediction of novel pharmacogenomic markers of pediatric ALL treatment<\/a><\/div>\n\n\n\n<p><strong><a href=\"https:\/\/archive.belbi.bg.ac.rs\/2023\/ca21169-dynalife-wg1-meeting-belgrade-2023\/#tuesday\" target=\"_blank\" rel=\"noreferrer noopener\">COST Action CA21169 meeting<\/a><\/strong>, Hall Aristotel<\/p>\n<\/div>\n<\/div>\n\n\n\n<div class=\"wp-block-columns is-layout-flex wp-block-columns-is-layout-flex\">\n<div class=\"wp-block-column session-time is-layout-flow wp-block-column-is-layout-flow\" style=\"flex-basis:20%\">\n<p>16:30-17:00<\/p>\n<\/div>\n\n\n\n<div class=\"wp-block-column session-desc is-layout-flow wp-block-column-is-layout-flow\" style=\"flex-basis:80%\">\n<p><strong>Coffe break<\/strong>, Lobby<\/p>\n<\/div>\n<\/div>\n\n\n\n<div class=\"wp-block-columns is-layout-flex wp-block-columns-is-layout-flex\">\n<div class=\"wp-block-column session-time is-layout-flow wp-block-column-is-layout-flow\" style=\"flex-basis:20%\">\n<p>17:00-18:30<\/p>\n<\/div>\n\n\n\n<div class=\"wp-block-column session-desc is-layout-flow wp-block-column-is-layout-flow\" style=\"flex-basis:80%\">\n<p><strong><mark style=\"background-color:rgba(0, 0, 0, 0);color:#9161ab\" class=\"has-inline-color\">PARALLEL SESSIONS<\/mark><\/strong><\/p>\n\n\n\n<p><strong>Macromolecular Sequence, Structure, and Function<\/strong>, Hall Nikola Tesla 1<span class=\"collapseomatic \" id=\"id69f168fdcc7e4\"  tabindex=\"0\" title=\"\"    ><\/span><div id=\"target-id69f168fdcc7e4\" class=\"collapseomatic_content \"><img loading=\"lazy\" decoding=\"async\" width=\"100\" height=\"50\" class=\"wp-image-3265\" style=\"width: 1.5em\" src=\"https:\/\/archive.belbi.bg.ac.rs\/2023\/wp-content\/uploads\/2023\/06\/IS-icon.svg\" alt=\"\">17:00-17:25 Vladimir Uversky (online), <a href=\"https:\/\/archive.belbi.bg.ac.rs\/2023\/abstract\/from-multifunctionality-to-polypathogenicity-with-intrinsic-disorder\/\" target=\"_blank\" rel=\"noreferrer noopener\">From multifunctionality to polypathogenicity with intrinsic disorder<\/a><br><img loading=\"lazy\" decoding=\"async\" width=\"100\" height=\"50\" class=\"wp-image-3265\" style=\"width: 1.5em\" src=\"https:\/\/archive.belbi.bg.ac.rs\/2023\/wp-content\/uploads\/2023\/06\/IS-icon.svg\" alt=\"\">17:25-17:50 Alexandre de Brevern, <a href=\"https:\/\/archive.belbi.bg.ac.rs\/2023\/abstract\/an-agnostic-analysis-of-the-human-alphafold2-proteome-using-local-protein-conformations\/\" target=\"_blank\" rel=\"noreferrer noopener\">An agnostic analysis of the human AlphaFold2 proteome using local protein conformations<\/a><br><img decoding=\"async\" class=\"wp-image-3265\" style=\"width: 1.5em\" src=\"https:\/\/archive.belbi.bg.ac.rs\/2023\/wp-content\/uploads\/2023\/06\/OP-icon.svg\" alt=\"\">17:50-18:05 Milan Sen\u0107anski, <a href=\"https:\/\/archive.belbi.bg.ac.rs\/2023\/abstract\/dehydrins-in-the-service-of-protecting-the-dna-helix-from-the-aspect-of-molecular-dynamics-md\/\" target=\"_blank\" rel=\"noreferrer noopener\">Dehydrins in the service of protecting the DNA helix from the aspect of molecular dynamics (MD)<\/a><br><img decoding=\"async\" class=\"wp-image-3265\" style=\"width: 1.5em\" src=\"https:\/\/archive.belbi.bg.ac.rs\/2023\/wp-content\/uploads\/2023\/06\/OP-icon.svg\" alt=\"\">18:05-18:20 Marija Vidovi\u0107, <a href=\"https:\/\/archive.belbi.bg.ac.rs\/2023\/abstract\/integration-of-differential-transcriptomic-and-proteomic-data-in-hydrated-and-desiccated-leaves-of-ramonda-serbica-panc\/\" target=\"_blank\" rel=\"noreferrer noopener\">Integration of differential transcriptomic and proteomic data in hydrated and desiccated leaves of Ramonda serbica Panc.<\/a><\/div>\n\n\n\n<p><strong>Spatial Transcriptomics<\/strong>, Hall Nikola Tesla 2<span class=\"collapseomatic \" id=\"id69f168fdcc7f6\"  tabindex=\"0\" title=\"\"    ><\/span><div id=\"target-id69f168fdcc7f6\" class=\"collapseomatic_content \"><img loading=\"lazy\" decoding=\"async\" width=\"100\" height=\"50\" class=\"wp-image-3265\" style=\"width: 1.5em\" src=\"https:\/\/archive.belbi.bg.ac.rs\/2023\/wp-content\/uploads\/2023\/06\/IS-icon.svg\" alt=\"\">17:00-17:25 Javier Batista Perez, <a href=\"https:\/\/archive.belbi.bg.ac.rs\/2023\/abstract\/stereo-seq-large-field-of-view-spatially-resolved-transcriptomics-at-nanoscale-resolution\/\" target=\"_blank\" rel=\"noreferrer noopener\">Stereo-seq: Large Field of View-Spatially Resolved Transcriptomics at Nanoscale Resolution<\/a><br><img loading=\"lazy\" decoding=\"async\" width=\"100\" height=\"50\" class=\"wp-image-3265\" style=\"width: 1.5em\" src=\"https:\/\/archive.belbi.bg.ac.rs\/2023\/wp-content\/uploads\/2023\/06\/IS-icon.svg\" alt=\"\">17:25-17:50 Shuangsang Fang, <a href=\"https:\/\/archive.belbi.bg.ac.rs\/2023\/abstract\/the-complete-solution-and-interpretation-algorithms-for-large-field-of-view-and-high-resolution-spatial-transcriptomics\/\" target=\"_blank\" rel=\"noreferrer noopener\">The complete solution and interpretation algorithms for large field-of-view and high-resolution spatial transcriptomics<\/a><br><img decoding=\"async\" class=\"wp-image-3265\" style=\"width: 1.5em\" src=\"https:\/\/archive.belbi.bg.ac.rs\/2023\/wp-content\/uploads\/2023\/06\/OP-icon.svg\" alt=\"\">17:50-18:05 Maria Louise Elkj\u00e6r, <a href=\"https:\/\/archive.belbi.bg.ac.rs\/2023\/?post_type=abstract&amp;p=2789\" target=\"_blank\" rel=\"noreferrer noopener\">Cell-type-specific mechanistic drivers of progressive multiple sclerosis lesions<\/a><br><img decoding=\"async\" class=\"wp-image-3265\" style=\"width: 1.5em\" src=\"https:\/\/archive.belbi.bg.ac.rs\/2023\/wp-content\/uploads\/2023\/06\/SS-icon.svg\" alt=\"\">18:05-18:15 <em>Sponsor session<\/em> 10X Genomics<\/div>\n\n\n\n<p><strong>Meet the expert session<\/strong><span class=\"collapseomatic \" id=\"id69f168fdcc806\"  tabindex=\"0\" title=\"\"    ><\/span><div id=\"target-id69f168fdcc806\" class=\"collapseomatic_content \">17:00-18:00 Prof. dr. Carlo Cannistraci and Prof. dr. Nata\u0161a Pr\u017eulj<\/div>\n\n\n\n<p><strong><a href=\"https:\/\/archive.belbi.bg.ac.rs\/2023\/ca21169-dynalife-wg1-meeting-belgrade-2023\/#tuesday\" target=\"_blank\" rel=\"noreferrer noopener\">COST Action CA21169 meeting<\/a><\/strong>, Hall Aristotel<\/p>\n<\/div>\n<\/div>\n\n\n\n<div class=\"wp-block-columns is-layout-flex wp-block-columns-is-layout-flex\">\n<div class=\"wp-block-column session-time is-layout-flow wp-block-column-is-layout-flow\" style=\"flex-basis:20%\">\n<p>18:30-20:30<\/p>\n<\/div>\n\n\n\n<div class=\"wp-block-column session-desc is-layout-flow wp-block-column-is-layout-flow\" style=\"flex-basis:80%\">\n<p><em><a href=\"https:\/\/archive.belbi.bg.ac.rs\/2023\/belgrade-city-tour\/#tuesday\">City tour Tuesday<\/a><\/em><\/p>\n<\/div>\n<\/div>\n\n\n\n<h2 class=\"wp-block-heading\">Wednesday, June 21, 2023<\/h2>\n\n\n\n<div class=\"wp-block-columns is-layout-flex wp-block-columns-is-layout-flex\">\n<div class=\"wp-block-column session-time is-layout-flow wp-block-column-is-layout-flow\" style=\"flex-basis:20%\">\n<p>08:00-09:00<\/p>\n<\/div>\n\n\n\n<div class=\"wp-block-column session-desc is-layout-flow wp-block-column-is-layout-flow\" style=\"flex-basis:80%\">\n<p><strong>Registration<\/strong>, Lobby<\/p>\n<\/div>\n<\/div>\n\n\n\n<div class=\"wp-block-columns is-layout-flex wp-block-columns-is-layout-flex\">\n<div class=\"wp-block-column session-time is-layout-flow wp-block-column-is-layout-flow\" style=\"flex-basis:20%\">\n<p>09:00-10:00<\/p>\n<\/div>\n\n\n\n<div class=\"wp-block-column session-desc is-layout-flow wp-block-column-is-layout-flow\" style=\"flex-basis:80%\">\n<p><strong>Keynote lecture<\/strong>, Hall Nikola Tesla 1<br>Prof. Dr. Yuriy Orlov<br><a href=\"https:\/\/archive.belbi.bg.ac.rs\/2023\/abstract\/bioinformatics-education-course-on-gene-networks-reconstruction-using-online-tools\/\" target=\"_blank\" rel=\"noreferrer noopener\">Bioinformatics education course on gene networks reconstruction using online tools<\/a><\/p>\n<\/div>\n<\/div>\n\n\n\n<div class=\"wp-block-columns is-layout-flex wp-block-columns-is-layout-flex\">\n<div class=\"wp-block-column session-time is-layout-flow wp-block-column-is-layout-flow\" style=\"flex-basis:20%\">\n<p>10:00-11:00<\/p>\n<\/div>\n\n\n\n<div class=\"wp-block-column session-desc is-layout-flow wp-block-column-is-layout-flow\" style=\"flex-basis:80%\">\n<p><strong><mark style=\"background-color:rgba(0, 0, 0, 0);color:#9161ab\" class=\"has-inline-color\">PARALLEL SESSIONS<\/mark><\/strong><\/p>\n\n\n\n<p><strong>Gene expression regulation and genetic code<\/strong>, Hall Nikola Tesla 1<span class=\"collapseomatic \" id=\"id69f168fdcc816\"  tabindex=\"0\" title=\"\"    ><\/span><div id=\"target-id69f168fdcc816\" class=\"collapseomatic_content \"><img loading=\"lazy\" decoding=\"async\" width=\"100\" height=\"50\" class=\"wp-image-3265\" style=\"width: 1.5em\" src=\"https:\/\/archive.belbi.bg.ac.rs\/2023\/wp-content\/uploads\/2023\/06\/IS-icon.svg\" alt=\"\">10:00-10:30 Vladimir Babenko (online), <a href=\"https:\/\/archive.belbi.bg.ac.rs\/2023\/abstract\/complexity-driven-evolution-of-alternative-splicing\/\" target=\"_blank\" rel=\"noreferrer noopener\">Complexity driven evolution of Alternative splicing<\/a><br><img decoding=\"async\" class=\"wp-image-3265\" style=\"width: 1.5em\" src=\"https:\/\/archive.belbi.bg.ac.rs\/2023\/wp-content\/uploads\/2023\/06\/OP-icon.svg\" alt=\"\">10:30-10:45 Lena Maria Hackl, <a href=\"https:\/\/archive.belbi.bg.ac.rs\/2023\/abstract\/alternative-splicing-impacts-microrna-regulation-within-coding-regions\/\" target=\"_blank\" rel=\"noreferrer noopener\">Alternative splicing impacts microRNA regulation within coding regions<\/a><\/div>\n\n\n\n<p><strong>WORKSHOP<\/strong>, Hall Nikola Tesla 2<span class=\"collapseomatic \" id=\"id69f168fdcc827\"  tabindex=\"0\" title=\"\"    ><\/span><div id=\"target-id69f168fdcc827\" class=\"collapseomatic_content \"><br>10:00-11:00 <strong>Andrea Gelemanovi\u0107<\/strong>: <strong>Challenges and opportunities of using publicly available RNA-seq data<\/strong><br>This workshop is designed to introduce the participants to the various challenges and opportunities when using publicly available RNA-seq data. It will cover the theoretical background of the main concepts of RNA-seq data analysis, where participants will be guided through the entire process from acquiring raw RNA sequences to differential gene expression analysis, followed by various options for follow-up analyses. Publicly available data repositories with a focus on transcriptomics data will be discussed. Participants will get a theoretical introduction on how to use various software and web-based platforms and tools to perform their own RNA-seq data analyses. Participants will have the opportunity to ask questions about their own RNA-seq projects.<\/div>\n\n\n\n<p><strong>Computational systems biology<\/strong>, Hall Lavander<span class=\"collapseomatic \" id=\"id69f168fdcc837\"  tabindex=\"0\" title=\"\"    ><\/span><div id=\"target-id69f168fdcc837\" class=\"collapseomatic_content \"><img loading=\"lazy\" decoding=\"async\" width=\"100\" height=\"50\" class=\"wp-image-3265\" style=\"width: 1.5em\" src=\"https:\/\/archive.belbi.bg.ac.rs\/2023\/wp-content\/uploads\/2023\/06\/IS-icon.svg\" alt=\"\">10:00-10:30 Oxana Galzitskaya, <a href=\"https:\/\/archive.belbi.bg.ac.rs\/2023\/abstract\/to-be-folded-to-be-unfolded-or-to-be-aggregated-with-important-functions-application-of-the-directed-coaggregation-mechanism-to-combat-bacterial-communities\/\" target=\"_blank\" rel=\"noreferrer noopener\">To be folded, to be unfolded or to be aggregated with important functions: application of the directed coaggregation mechanism to combat bacterial communities<\/a><br><img loading=\"lazy\" decoding=\"async\" width=\"100\" height=\"50\" class=\"wp-image-3265\" style=\"width: 1.5em\" src=\"https:\/\/archive.belbi.bg.ac.rs\/2023\/wp-content\/uploads\/2023\/06\/IS-icon.svg\" alt=\"\">10:30-11:00 Mikhail S. Gelfand, <a href=\"https:\/\/archive.belbi.bg.ac.rs\/2023\/abstract\/bioinformatics-and-evolution-of-non-model-organisms\/\" target=\"_blank\" rel=\"noreferrer noopener\">Bioinformatics and evolution of non-model organisms<\/a><\/div>\n\n\n\n<p><strong><a href=\"https:\/\/archive.belbi.bg.ac.rs\/2023\/ca21169-dynalife-wg1-meeting-belgrade-2023\/#wednesday\" target=\"_blank\" rel=\"noreferrer noopener\">COST Action CA21169 meeting<\/a><\/strong>, Hall Aristotel<\/p>\n<\/div>\n<\/div>\n\n\n\n<div class=\"wp-block-columns is-layout-flex wp-block-columns-is-layout-flex\">\n<div class=\"wp-block-column session-time is-layout-flow wp-block-column-is-layout-flow\" style=\"flex-basis:20%\">\n<p>11:00-12:00<\/p>\n<\/div>\n\n\n\n<div class=\"wp-block-column session-desc is-layout-flow wp-block-column-is-layout-flow\" style=\"flex-basis:80%\">\n<p><strong>Coffee Break with Poster viewing<\/strong>, Lobby &amp; Hall Lavander<span class=\"collapseomatic \" id=\"id69f168fdcc84c\"  tabindex=\"0\" title=\"\"    ><\/span><div id=\"target-id69f168fdcc84c\" class=\"collapseomatic_content \"><br><em>Ahmed Musa<\/em>, <a href=\"https:\/\/archive.belbi.bg.ac.rs\/2023\/abstract\/machine-learning-based-data-correlation-between-scanning-electron-microscopy-images-and-energy-dispersive-x-ray-spectroscopy-profiles\/\" target=\"_blank\" rel=\"noreferrer noopener\">Machine learning-based data correlation between scanning electron microscopy images and energy-dispersive X-ray spectroscopy profiles<\/a><br><em>Alessia Norbedo<\/em>, <a href=\"https:\/\/archive.belbi.bg.ac.rs\/2023\/abstract\/pacsin2-modifies-mirnas-in-extracellular-vesicles-modulating-thiopurine-response\/\" target=\"_blank\" rel=\"noreferrer noopener\">PACSIN2 modifies miRNAs in extracellular vesicles, modulating thiopurine response<\/a><br><em>Ana Pantelic<\/em>, <a href=\"https:\/\/archive.belbi.bg.ac.rs\/2023\/abstract\/two-contrasting-late-embryogenesis-abounded-protein-family-groups-of-ramonda-serbica-panc\/\" target=\"_blank\" rel=\"noreferrer noopener\">Two contrasting late embryogenesis abounded protein family groups of Ramonda serbica Panc.<\/a><br><em>Andjelo Beletic <\/em>, <a href=\"https:\/\/archive.belbi.bg.ac.rs\/2023\/?post_type=abstract&amp;p=3293\" target=\"_blank\" rel=\"noreferrer noopener\">Mining for the data about glycosylation in the bovines-the analysis of the recently published studies<\/a><br><em>Aydin Akbudak<\/em>, <a href=\"https:\/\/archive.belbi.bg.ac.rs\/2023\/abstract\/genetic-complexity-and-synteny-analysis-of-castanea-genomes-unveiling-the-significance-of-chestnut-species-in-ecological-and-genomic-perspectives\/\" target=\"_blank\" rel=\"noreferrer noopener\">Genetic Complexity and Synteny Analysis of Castanea Genomes: Unveiling the Significance of Chestnut Species in Ecological and Genomic Perspectives<\/a><br><em>Barbara Jenko Bizjan<\/em>, <a href=\"https:\/\/archive.belbi.bg.ac.rs\/2023\/abstract\/different-approaches-in-microrna-analysis\/\" target=\"_blank\" rel=\"noreferrer noopener\">Different approaches in microRNA analysis<\/a><br><em>Bojana Ilic<\/em>, <a href=\"https:\/\/archive.belbi.bg.ac.rs\/2023\/?post_type=abstract&amp;p=2855\" target=\"_blank\" rel=\"noreferrer noopener\">Combined experimental and theoretical study of Type-II toxin-antitoxin system response to antibiotics<\/a><br><em>Danijela Drakulic<\/em>, <a href=\"https:\/\/archive.belbi.bg.ac.rs\/2023\/abstract\/application-of-principal-component-analysis-pca-and-analytical-hierarchy-process-ahp-in-analysis-of-articulatory-characteristics-of-phonemes-of-children-with-22q11-2-deletion-syndrome\/\" target=\"_blank\" rel=\"noreferrer noopener\">Application of principal component analysis (PCA) and analytical hierarchy process (AHP) in analysis of articulatory characteristics of phonemes of children with 22q11.2 Deletion Syndrome<\/a><br><em>Dejana Milic<\/em>, <a href=\"https:\/\/archive.belbi.bg.ac.rs\/2023\/abstract\/efficient-bioinformatics-workflow-for-de-novo-transcriptome-assembly-of-pelargonium-zonale\/\" target=\"_blank\" rel=\"noreferrer noopener\">Efficient bioinformatics workflow for de novo transcriptome assembly of Pelargonium zonale<\/a><br><em>Despina Miseva\/Jovana Dobreva<\/em>, <a href=\"https:\/\/archive.belbi.bg.ac.rs\/2023\/?post_type=abstract&amp;p=3294\" target=\"_blank\" rel=\"noreferrer noopener\">Exploring Changes in Diagnoses during the COVID-19 Era: Comparative Analysis<\/a><br><em>Dusan Radojevic<\/em>, <a href=\"https:\/\/archive.belbi.bg.ac.rs\/2023\/abstract\/shotgun-metagenomics-reveals-gut-microbiota-features-associated-with-the-efficacy-of-myeloid-derived-suppressor-cells-in-the-prevention-of-neuroinflammation\/\" target=\"_blank\" rel=\"noreferrer noopener\">Shotgun metagenomics reveals gut microbiota features associated with the efficacy of myeloid derived suppressor cells in the prevention of neuroinflammation<\/a><br><em>Iva Pruner<\/em>, <a href=\"https:\/\/archive.belbi.bg.ac.rs\/2023\/abstract\/data-mining-for-long-non-coding-rnas-deregulated-in-colon-cancer-through-analysis-of-gene-expression-omnibus-database\/\" target=\"_blank\" rel=\"noreferrer noopener\">Data mining for long-non coding RNAs deregulated in colon cancer through analysis of Gene Expression Omnibus database<\/a><br><em>Ivan Tanasijevi\u0107<\/em>, <a href=\"https:\/\/archive.belbi.bg.ac.rs\/2023\/abstract\/comparative-study-of-in-silico-protein-design-techniques\/\" target=\"_blank\" rel=\"noreferrer noopener\">Comparative study of in silico protein design techniques<\/a><br><em>Ivana Galic<\/em>, <a href=\"https:\/\/archive.belbi.bg.ac.rs\/2023\/abstract\/root-colonization-ability-of-herbicide-resistant-pgp-bacteria-evaluated-by-16s-rrna-metabarcoding\/\" target=\"_blank\" rel=\"noreferrer noopener\">Root colonization ability of herbicide-resistant PGP bacteria evaluated by 16S rRNA metabarcoding<\/a><br><em>Jelena Kusic Tisma<\/em>, <a href=\"https:\/\/archive.belbi.bg.ac.rs\/2023\/abstract\/profiling-pre-replication-complex-mutations-in-cancer\/\" target=\"_blank\" rel=\"noreferrer noopener\">Profiling Pre-Replication Complex Mutations in Cancer<\/a><br><em>Jovana Aran\u0111elovi\u0107<\/em>, <a href=\"https:\/\/archive.belbi.bg.ac.rs\/2023\/abstract\/deciphering-the-reward-related-impulsivity-domains-in-rats-the-big-data-study-of-historical-control\/\" target=\"_blank\" rel=\"noreferrer noopener\">Deciphering the reward-related impulsivity domains in rats: The big data study of historical control<\/a><br><em>Lazar Vasovic<\/em>, <a href=\"https:\/\/archive.belbi.bg.ac.rs\/2023\/abstract\/the-past-the-present-and-the-future-of-rna-secondary-structure-prediction\/\" target=\"_blank\" rel=\"noreferrer noopener\">The past, the present, and the future of RNA secondary structure prediction<\/a><br><em>Marija Atanaskovic<\/em>, <a href=\"https:\/\/archive.belbi.bg.ac.rs\/2023\/abstract\/in-silico-pre-selection-of-glucosidase-gene-for-heterologous-recombinant-expression\/\" target=\"_blank\" rel=\"noreferrer noopener\">In silico pre-selection of \u03b2-glucosidase gene for heterologous recombinant expression<\/a><br><em>Marina Parr<\/em>, <a href=\"https:\/\/archive.belbi.bg.ac.rs\/2023\/abstract\/elongation-factor-p-like-protein-and-polyproline-motifs\/\" target=\"_blank\" rel=\"noreferrer noopener\">Elongation factor P (-like) protein and polyproline motifs<\/a><br><em>Milica Ciric<\/em>, <a href=\"https:\/\/archive.belbi.bg.ac.rs\/2023\/abstract\/groundwater-and-soil-as-a-reservoir-for-polyurethane-degrading-bacteria\/\" target=\"_blank\" rel=\"noreferrer noopener\">Groundwater and soil as a reservoir for polyurethane-degrading bacteria<\/a><br><em>Mirjana Novkovic<\/em>, <a href=\"https:\/\/archive.belbi.bg.ac.rs\/2023\/abstract\/genomic-surveillance-and-phylogenetic-analysis-of-sars-cov-2-variants-in-serbia-insights-into-evolutionary-dynamics-and-genetic-diversity\/\" target=\"_blank\" rel=\"noreferrer noopener\">Genomic Surveillance and Phylogenetic Analysis of SARS-CoV-2 Variants in Serbia: Insights into Evolutionary Dynamics and Genetic Diversity<\/a><br><em>Nika Marolt <\/em>, <a href=\"https:\/\/archive.belbi.bg.ac.rs\/2023\/abstract\/possible-role-of-estrogen-metabolism-and-aldo-keto-reductase-activity-in-chemoresistance-of-ovarian-cancer\/\" target=\"_blank\" rel=\"noreferrer noopener\">Possible role of estrogen metabolism and aldo-keto reductase activity in chemoresistance of ovarian cancer<\/a><br><em>Polina Iarema and Vasilisa Turkina<\/em>, <a href=\"https:\/\/archive.belbi.bg.ac.rs\/2023\/abstract\/computer-analysis-of-glioma-gene-network-structure\/\" target=\"_blank\" rel=\"noreferrer noopener\">Computer analysis of glioma gene network structure<\/a><br><em>Slobodan Davidovic<\/em>, <a href=\"https:\/\/archive.belbi.bg.ac.rs\/2023\/abstract\/evaluating-nd1-and-cytb-mitochondrial-genes-as-markers-for-diversity-analysis-of-protected-white-tailed-eagle-species-from-serbia\/\" target=\"_blank\" rel=\"noreferrer noopener\">Evaluating ND1 and Cytb mitochondrial genes as markers for diversity analysis of protected White-tailed eagle species from Serbia<\/a><br><em>Vasilije Matic <\/em>, <a href=\"https:\/\/archive.belbi.bg.ac.rs\/2023\/abstract\/energy-and-information-exchange-between-donor-and-molecular-bridge-structures-non-adiabatic-polaron-model\/\" target=\"_blank\" rel=\"noreferrer noopener\">Energy and information exchange between \u201cdonor\u201d and \u201cmolecular bridge\u201d structures: non adiabatic polaron model<\/a><br><em>Yury A. Barbitoff<\/em>, <a href=\"https:\/\/archive.belbi.bg.ac.rs\/2023\/abstract\/seeking-an-optimal-variant-calling-pipeline-for-medical-genetics\/\" target=\"_blank\" rel=\"noreferrer noopener\">Seeking an optimal variant calling pipeline for medical genetics<\/a><\/div>\n<\/div>\n<\/div>\n\n\n\n<div class=\"wp-block-columns is-layout-flex wp-block-columns-is-layout-flex\">\n<div class=\"wp-block-column session-time is-layout-flow wp-block-column-is-layout-flow\" style=\"flex-basis:20%\">\n<p>12:00-13:30<\/p>\n<\/div>\n\n\n\n<div class=\"wp-block-column session-desc is-layout-flow wp-block-column-is-layout-flow\" style=\"flex-basis:80%\">\n<p><strong><mark style=\"background-color:rgba(0, 0, 0, 0);color:#9161ab\" class=\"has-inline-color\">PARALLEL SESSIONS<\/mark><\/strong><\/p>\n\n\n\n<p><strong>Bioinformatics databases and algorithms<\/strong>, Hall Nikola Tesla 1<span class=\"collapseomatic \" id=\"id69f168fdcc85e\"  tabindex=\"0\" title=\"\"    ><\/span><div id=\"target-id69f168fdcc85e\" class=\"collapseomatic_content \"><img loading=\"lazy\" decoding=\"async\" width=\"100\" height=\"50\" class=\"wp-image-3265\" style=\"width: 1.5em\" src=\"https:\/\/archive.belbi.bg.ac.rs\/2023\/wp-content\/uploads\/2023\/06\/IS-icon.svg\" alt=\"\">12:00-12:30 Travis Gagie, <a href=\"https:\/\/archive.belbi.bg.ac.rs\/2023\/abstract\/pangenomic-alignment-strings-plus-graphs\/\" target=\"_blank\" rel=\"noreferrer noopener\">Pangenomic Alignment: Strings plus Graphs<\/a><br><img loading=\"lazy\" decoding=\"async\" width=\"100\" height=\"50\" class=\"wp-image-3265\" style=\"width: 1.5em\" src=\"https:\/\/archive.belbi.bg.ac.rs\/2023\/wp-content\/uploads\/2023\/06\/IS-icon.svg\" alt=\"\">12:30-13:00 Evgeina K Kriventseva, <a href=\"https:\/\/archive.belbi.bg.ac.rs\/2023\/abstract\/advancing-genomics-with-orthodb-busco-and-the-lem-framework\/\" target=\"_blank\" rel=\"noreferrer noopener\">Advancing Genomics with OrthoDB, BUSCO, and the LEM Framework<\/a><br><img decoding=\"async\" class=\"wp-image-3265\" style=\"width: 1.5em\" src=\"https:\/\/archive.belbi.bg.ac.rs\/2023\/wp-content\/uploads\/2023\/06\/OP-icon.svg\" alt=\"\">13:00-13:15 Junli Xu, <a href=\"https:\/\/archive.belbi.bg.ac.rs\/2023\/abstract\/ai-powered-framework-to-predict-the-toxicity-of-microplastics\/\" target=\"_blank\" rel=\"noreferrer noopener\">AI-powered framework to predict the toxicity of microplastics<\/a><\/div>\n\n\n\n<p><strong>WORKSHOP<\/strong>, Hall Nikola Tesla 2<span class=\"collapseomatic \" id=\"id69f168fdcc86d\"  tabindex=\"0\" title=\"\"    ><\/span><div id=\"target-id69f168fdcc86d\" class=\"collapseomatic_content \"><br>12:00-13:00 <strong>Andrea Gelemanovi\u0107<\/strong>: <strong>Challenges and opportunities of using publicly available RNA-seq data<\/strong><br>This workshop is designed to introduce the participants to the various challenges and opportunities when using publicly available RNA-seq data. It will cover the theoretical background of the main concepts of RNA-seq data analysis, where participants will be guided through the entire process from acquiring raw RNA sequences to differential gene expression analysis, followed by various options for follow-up analyses. Publicly available data repositories with a focus on transcriptomics data will be discussed. Participants will get a theoretical introduction on how to use various software and web-based platforms and tools to perform their own RNA-seq data analyses. Participants will have the opportunity to ask questions about their own RNA-seq projects.<\/div>\n\n\n\n<p><strong>Computational biology of COVID-19<\/strong>, Hall Lavander<span class=\"collapseomatic \" id=\"id69f168fdcc87e\"  tabindex=\"0\" title=\"\"    ><\/span><div id=\"target-id69f168fdcc87e\" class=\"collapseomatic_content \"><img loading=\"lazy\" decoding=\"async\" width=\"100\" height=\"50\" class=\"wp-image-3265\" style=\"width: 1.5em\" src=\"https:\/\/archive.belbi.bg.ac.rs\/2023\/wp-content\/uploads\/2023\/06\/IS-icon.svg\" alt=\"\">12:00-12:30 Jose Vilar, <a href=\"https:\/\/archive.belbi.bg.ac.rs\/2023\/abstract\/inverting-convolutional-neural-networks-for-super-resolution-identification-of-regime-changes-in-epidemiological-time-series\/\" target=\"_blank\" rel=\"noreferrer noopener\">Inverting convolutional neural networks for super-resolution identification of regime changes in epidemiological time series<\/a><br><img decoding=\"async\" class=\"wp-image-3265\" style=\"width: 1.5em\" src=\"https:\/\/archive.belbi.bg.ac.rs\/2023\/wp-content\/uploads\/2023\/06\/OP-icon.svg\" alt=\"\">12:30-12:50 Sofija Markovic, <a href=\"https:\/\/archive.belbi.bg.ac.rs\/2023\/abstract\/machine-learning-approach-in-inferring-main-population-level-covid-19-risk-factors\/\" target=\"_blank\" rel=\"noreferrer noopener\">Machine learning approach in inferring main population-level COVID-19 risk factors<\/a><br><img decoding=\"async\" class=\"wp-image-3265\" style=\"width: 1.5em\" src=\"https:\/\/archive.belbi.bg.ac.rs\/2023\/wp-content\/uploads\/2023\/06\/OP-icon.svg\" alt=\"\">12:50-13:10 Andjela Rodic, <a href=\"https:\/\/archive.belbi.bg.ac.rs\/2023\/abstract\/beyond-the-global-health-security-index-a-machine-learning-approach-to-analyzing-the-official-covid-19-deaths-and-excess-deaths-data\/\" target=\"_blank\" rel=\"noreferrer noopener\">Beyond the Global Health Security Index: A Machine Learning Approach to Analyzing the Official COVID-19 Deaths and Excess Deaths Data<\/a><br><img decoding=\"async\" class=\"wp-image-3265\" style=\"width: 1.5em\" src=\"https:\/\/archive.belbi.bg.ac.rs\/2023\/wp-content\/uploads\/2023\/06\/OP-icon.svg\" alt=\"\">13:10-13:30 Sa\u0161a Malkov, <a href=\"https:\/\/archive.belbi.bg.ac.rs\/2023\/abstract\/clustering-and-classification-of-sars-cov-2-isolates-using-rscu\/\" target=\"_blank\" rel=\"noreferrer noopener\">Clustering and classification of SARS-COV-2 isolates using RSCU<\/a><\/div>\n\n\n\n<p><strong><a href=\"https:\/\/archive.belbi.bg.ac.rs\/2023\/ca21169-dynalife-wg1-meeting-belgrade-2023\/#wednesday\" target=\"_blank\" rel=\"noreferrer noopener\">COST Action CA21169 meeting<\/a><\/strong>, Hall Aristotel<\/p>\n<\/div>\n<\/div>\n\n\n\n<div class=\"wp-block-columns is-layout-flex wp-block-columns-is-layout-flex\">\n<div class=\"wp-block-column session-time is-layout-flow wp-block-column-is-layout-flow\" style=\"flex-basis:20%\">\n<p>13:30-14:30<\/p>\n<\/div>\n\n\n\n<div class=\"wp-block-column session-desc is-layout-flow wp-block-column-is-layout-flow\" style=\"flex-basis:80%\">\n<p><strong>Lunch<\/strong>, Restaurant<\/p>\n<\/div>\n<\/div>\n\n\n\n<div class=\"wp-block-columns is-layout-flex wp-block-columns-is-layout-flex\">\n<div class=\"wp-block-column session-time is-layout-flow wp-block-column-is-layout-flow\" style=\"flex-basis:20%\">\n<p>14:30-22:00<\/p>\n<\/div>\n\n\n\n<div class=\"wp-block-column session-desc is-layout-flow wp-block-column-is-layout-flow\" style=\"flex-basis:80%\">\n<p><em><a href=\"https:\/\/archive.belbi.bg.ac.rs\/2023\/excursion\/\" target=\"_blank\" rel=\"noreferrer noopener\">Excursion<\/a><\/em><\/p>\n<\/div>\n<\/div>\n\n\n\n<h2 class=\"wp-block-heading\">Thursday, June 22, 2023<\/h2>\n\n\n\n<div class=\"wp-block-columns is-layout-flex wp-block-columns-is-layout-flex\">\n<div class=\"wp-block-column session-time is-layout-flow wp-block-column-is-layout-flow\" style=\"flex-basis:20%\">\n<p>08:00-09:00<\/p>\n<\/div>\n\n\n\n<div class=\"wp-block-column session-desc is-layout-flow wp-block-column-is-layout-flow\" style=\"flex-basis:80%\">\n<p><strong>Registration<\/strong>, Lobby<\/p>\n<\/div>\n<\/div>\n\n\n\n<div class=\"wp-block-columns is-layout-flex wp-block-columns-is-layout-flex\">\n<div class=\"wp-block-column session-time is-layout-flow wp-block-column-is-layout-flow\" style=\"flex-basis:20%\">\n<p>09:00-10:00<\/p>\n<\/div>\n\n\n\n<div class=\"wp-block-column session-desc is-layout-flow wp-block-column-is-layout-flow\" style=\"flex-basis:80%\">\n<p><strong>BIO4 presentation<\/strong>, Hall Nikola Tesla 1<span class=\"collapseomatic \" id=\"id69f168fdcc88d\"  tabindex=\"0\" title=\"\"    ><\/span><div id=\"target-id69f168fdcc88d\" class=\"collapseomatic_content \">9:00-9:25 <em>Nenad Paunovi\u0107<\/em> &#8211; Director for IT and Entrepreneurship in the Office of the Prime Minister.<br>9:25-9:33 <em>Dr. Goran Jovanovi\u0107<\/em> &#8211; Assistant Director for Science, Instite of Molecular Genetics and Genetic Engineering, University of Belgrade<br>9:32-9:40 <em>Dr. Matija Zlatar<\/em> &#8211; Senior Researcher and the Coordinator of the Institute&#8217;s Transformation Team within the SAIGE project, University of Belgrade, Institute of Chemistry, Technology, and Metallurgy, National institute of the republic of Serbia<br>9:40-9:48 <em>Dr. Sanja Brdar<\/em> &#8211; Head of the Information Technology Center, BioSens Institute<br>9:48-9:56 <em>Jelena Petrovi\u0107<\/em> &#8211; Assistant Director for Innovation Entrepreneurship Development. Science and Technology Park Belgrade<\/div>\n<\/div>\n<\/div>\n\n\n\n<div class=\"wp-block-columns is-layout-flex wp-block-columns-is-layout-flex\">\n<div class=\"wp-block-column session-time is-layout-flow wp-block-column-is-layout-flow\" style=\"flex-basis:20%\">\n<p>10:00-11:00<\/p>\n<\/div>\n\n\n\n<div class=\"wp-block-column session-desc is-layout-flow wp-block-column-is-layout-flow\" style=\"flex-basis:80%\">\n<p><strong><a href=\"https:\/\/archive.belbi.bg.ac.rs\/2023\/serbias-resources-for-storage-and-analyses-of-genetic-data\/\" target=\"_blank\" rel=\"noreferrer noopener\">Panel: Serbia\u2019s resources for storage and analyses of genetic data<\/a><\/strong>, Hall Nikola Tesla 1<\/p>\n<\/div>\n<\/div>\n\n\n\n<div class=\"wp-block-columns is-layout-flex wp-block-columns-is-layout-flex\">\n<div class=\"wp-block-column session-time is-layout-flow wp-block-column-is-layout-flow\" style=\"flex-basis:20%\">\n<p>11:00-11:30<\/p>\n<\/div>\n\n\n\n<div class=\"wp-block-column session-desc is-layout-flow wp-block-column-is-layout-flow\" style=\"flex-basis:80%\">\n<p><strong>Coffee Break<\/strong>, Lobby<\/p>\n<\/div>\n<\/div>\n\n\n\n<div class=\"wp-block-columns is-layout-flex wp-block-columns-is-layout-flex\">\n<div class=\"wp-block-column session-time is-layout-flow wp-block-column-is-layout-flow\" style=\"flex-basis:20%\">\n<p>11:30-12:00<\/p>\n<\/div>\n\n\n\n<div class=\"wp-block-column session-desc is-layout-flow wp-block-column-is-layout-flow\" style=\"flex-basis:80%\">\n<p><strong><a href=\"https:\/\/archive.belbi.bg.ac.rs\/2023\/serbias-resources-for-storage-and-analyses-of-genetic-data\/\" target=\"_blank\" rel=\"noreferrer noopener\">Panel: Serbia\u2019s resources for storage and analyses of genetic data<\/a><\/strong>, Hall Nikola Tesla 1<\/p>\n<\/div>\n<\/div>\n\n\n\n<div class=\"wp-block-columns is-layout-flex wp-block-columns-is-layout-flex\">\n<div class=\"wp-block-column session-time is-layout-flow wp-block-column-is-layout-flow\" style=\"flex-basis:20%\">\n<p>12:00-12:30<\/p>\n<\/div>\n\n\n\n<div class=\"wp-block-column session-desc is-layout-flow wp-block-column-is-layout-flow\" style=\"flex-basis:80%\">\n<p><strong>Sponsor Session Huawei<\/strong>, Hall Nikola Tesla 1<\/p>\n<\/div>\n<\/div>\n\n\n\n<div class=\"wp-block-columns is-layout-flex wp-block-columns-is-layout-flex\">\n<div class=\"wp-block-column session-time is-layout-flow wp-block-column-is-layout-flow\" style=\"flex-basis:20%\">\n<p>12:30-13:30<\/p>\n<\/div>\n\n\n\n<div class=\"wp-block-column session-desc is-layout-flow wp-block-column-is-layout-flow\" style=\"flex-basis:80%\">\n<p><strong>Poster session with flash talk<\/strong>, Hall Lavander<span class=\"collapseomatic \" id=\"id69f168fdcc89f\"  tabindex=\"0\" title=\"\"    ><\/span><div id=\"target-id69f168fdcc89f\" class=\"collapseomatic_content \"><em>Andjela Djokic<\/em>, <a href=\"https:\/\/archive.belbi.bg.ac.rs\/2023\/abstract\/transcriptome-analysis-of-pseudomonas-aeruginosa-after-mhqo-dioxygenase-treatment\/\" target=\"_blank\" rel=\"noreferrer noopener\">Transcriptome analysis of Pseudomonas aeruginosa after MhqO dioxygenase treatment<\/a> <br><em>Bojana Banovic<\/em>, <a href=\"https:\/\/archive.belbi.bg.ac.rs\/2023\/abstract\/title-impact-of-different-mapping-tools-on-detection-of-small-rnas-in-bacterial-outer-membrane-vesicles\/\" target=\"_blank\" rel=\"noreferrer noopener\">Impact of different mapping tools on detection of small RNAs in bacterial outer membrane vesicles<\/a> <br><em>Bojana Josic<\/em>, <a href=\"https:\/\/archive.belbi.bg.ac.rs\/2023\/abstract\/integrated-relational-database-of-human-protein-protein-interactions\/\" target=\"_blank\" rel=\"noreferrer noopener\">Integrated relational database of human protein-protein interactions<\/a> <br><em>Iva Sabolic<\/em>, <a href=\"https:\/\/archive.belbi.bg.ac.rs\/2023\/abstract\/developing-bioinformatics-pipeline-for-processing-environmental-dna-metabarcoding-sequencing-data\/\" target=\"_blank\" rel=\"noreferrer noopener\">Developing bioinformatics pipeline for processing environmental DNA metabarcoding sequencing data<\/a> <br><em>Ivana Prodic<\/em>, <a href=\"https:\/\/archive.belbi.bg.ac.rs\/2023\/abstract\/the-use-of-tryptic-food-protein-digests-data-in-public-proteomic-repositories-to-assess-the-effects-of-chemical-and-post-translational-modifications-on-digestion-outcomes\/\" target=\"_blank\" rel=\"noreferrer noopener\">The use of tryptic food protein digests data in public proteomic repositories to assess the effects of chemical and post-translational modifications on digestion outcomes<\/a> <br><em>Jovana Curcic<\/em>, <a href=\"https:\/\/archive.belbi.bg.ac.rs\/2023\/abstract\/metagenomic-analysis-of-bacterial-community-and-isolation-of-representative-strains-from-vranjska-banja-hot-spring-serbia\/\" target=\"_blank\" rel=\"noreferrer noopener\">Metagenomic Analysis of Bacterial Community and Isolation of Representative Strains from Vranjska Banja Hot Spring, Serbia<\/a> <br><em>Katarina Virijevic<\/em>, <a href=\"https:\/\/archive.belbi.bg.ac.rs\/2023\/abstract\/numerical-and-biological-modeling-approach-in-the-analysis-of-the-cancer-viability-and-apoptosis\/\" target=\"_blank\" rel=\"noreferrer noopener\">Numerical and Biological Modeling Approach in the Analysis of the Cancer Viability and Apoptosis<\/a> <br><em>Manja Bo\u017ei\u0107<\/em>, <a href=\"https:\/\/archive.belbi.bg.ac.rs\/2023\/abstract\/seven-mirnas-potentially-included-in-the-chilling-response-of-maize-plants-in-early-stages-of-development\/\" target=\"_blank\" rel=\"noreferrer noopener\">Seven miRNAs potentially included in the chilling response of maize plants in early stages of development<\/a> <br><em>Marija Vidovic<\/em>, <a href=\"https:\/\/archive.belbi.bg.ac.rs\/2023\/abstract\/protein-structural-differences-in-cytochrome-c-oxidase-subunit-1-of-two-heterogynis-species-as-a-new-approach-for-species-delimitation\/\" target=\"_blank\" rel=\"noreferrer noopener\">Protein structural differences in Cytochrome c oxidase subunit 1 of two Heterogynis species as a new approach for species delimitation<\/a> <br><em>Marko Tumbas<\/em>, <a href=\"https:\/\/archive.belbi.bg.ac.rs\/2023\/abstract\/determinants-of-crispr-array-non-canonical-adaptation-mechanism\/\" target=\"_blank\" rel=\"noreferrer noopener\">Determinants of CRISPR array non-canonical adaptation mechanism<\/a><\/div>\n<\/div>\n<\/div>\n\n\n\n<div class=\"wp-block-columns is-layout-flex wp-block-columns-is-layout-flex\">\n<div class=\"wp-block-column session-time is-layout-flow wp-block-column-is-layout-flow\" style=\"flex-basis:20%\">\n<p>13:30-14:30<\/p>\n<\/div>\n\n\n\n<div class=\"wp-block-column session-desc is-layout-flow wp-block-column-is-layout-flow\" style=\"flex-basis:80%\">\n<p><strong>Lunch<\/strong>, Restaurant<\/p>\n<\/div>\n<\/div>\n\n\n\n<div class=\"wp-block-columns is-layout-flex wp-block-columns-is-layout-flex\">\n<div class=\"wp-block-column session-time is-layout-flow wp-block-column-is-layout-flow\" style=\"flex-basis:20%\">\n<p>14:30-16:00<\/p>\n<\/div>\n\n\n\n<div class=\"wp-block-column session-desc is-layout-flow wp-block-column-is-layout-flow\" style=\"flex-basis:80%\">\n<p><strong><mark style=\"background-color:rgba(0, 0, 0, 0);color:#9161ab\" class=\"has-inline-color\">PARALLEL SESSIONS<\/mark><\/strong><\/p>\n\n\n\n<p><strong>Computational Bioengineering<\/strong>, Hall Nikola Tesla 1<span class=\"collapseomatic \" id=\"id69f168fdcc8af\"  tabindex=\"0\" title=\"\"    ><\/span><div id=\"target-id69f168fdcc8af\" class=\"collapseomatic_content \">\n\n\n\n<p><img loading=\"lazy\" decoding=\"async\" width=\"100\" height=\"50\" class=\"wp-image-3265\" style=\"width: 1.5em\" src=\"https:\/\/archive.belbi.bg.ac.rs\/2023\/wp-content\/uploads\/2023\/06\/IS-icon.svg\" alt=\"\">14:30-14:55 Themis Exarchos (online), <a href=\"https:\/\/archive.belbi.bg.ac.rs\/2023\/abstract\/development-of-hybrid-and-optimized-deep-learning-classifiers-for-speech-recognition-in-tracheostomy-patients-a-case-study\/\" target=\"_blank\" rel=\"noreferrer noopener\">Development of hybrid and optimized deep learning classifiers for speech recognition in tracheostomy patients: a case study<\/a><br><img loading=\"lazy\" decoding=\"async\" width=\"100\" height=\"50\" class=\"wp-image-3265\" style=\"width: 1.5em\" src=\"https:\/\/archive.belbi.bg.ac.rs\/2023\/wp-content\/uploads\/2023\/06\/IS-icon.svg\" alt=\"\">14:55-15:20 Nenad Filipovic, <a href=\"https:\/\/archive.belbi.bg.ac.rs\/2023\/abstract\/computational-bioengineering-for-heart-disease\/\" target=\"_blank\" rel=\"noreferrer noopener\">Computational bioengineering for heart disease<\/a><br><img decoding=\"async\" class=\"wp-image-3265\" style=\"width: 1.5em\" src=\"https:\/\/archive.belbi.bg.ac.rs\/2023\/wp-content\/uploads\/2023\/06\/OP-icon.svg\" alt=\"\">15:20-15:35 Bogdan Milicevic, <a href=\"https:\/\/archive.belbi.bg.ac.rs\/2023\/abstract\/echocardiography-based-left-ventricle-cardiac-hypertrophy-simulations\/\" target=\"_blank\" rel=\"noreferrer noopener\">Echocardiography-based Left Ventricle Cardiac Hypertrophy Simulations<\/a><br><img decoding=\"async\" class=\"wp-image-3265\" style=\"width: 1.5em\" src=\"https:\/\/archive.belbi.bg.ac.rs\/2023\/wp-content\/uploads\/2023\/06\/OP-icon.svg\" alt=\"\">15:35-15:50 Aleksandra Vulovic, <a href=\"https:\/\/archive.belbi.bg.ac.rs\/2023\/abstract\/application-of-classification-algorithms-for-hip-implant-surface-topographies\/\" target=\"_blank\" rel=\"noreferrer noopener\">Application of classification algorithms for hip implant surface topographies<\/a><br><img decoding=\"async\" class=\"wp-image-3265\" style=\"width: 1.5em\" src=\"https:\/\/archive.belbi.bg.ac.rs\/2023\/wp-content\/uploads\/2023\/06\/OP-icon.svg\" alt=\"\">15:50-16:05 Smiljana Tomasevic, <a href=\"https:\/\/archive.belbi.bg.ac.rs\/2023\/abstract\/computational-modelling-of-drug-effects-on-cardiomyopathy-and-analysis-of-myocardial-work\/\" target=\"_blank\" rel=\"noreferrer noopener\">Computational Modelling of Drug Effects on Cardiomyopathy and Analysis of Myocardial Work<\/a><\/div>\n\n\n\n<p><strong>AI\/ML in biology and medicine<\/strong>, Hall Nikola Tesla 2<span class=\"collapseomatic \" id=\"id69f168fdcc8c2\"  tabindex=\"0\" title=\"\"    ><\/span><div id=\"target-id69f168fdcc8c2\" class=\"collapseomatic_content \">\n\n\n\n<p><img loading=\"lazy\" decoding=\"async\" width=\"100\" height=\"50\" class=\"wp-image-3265\" style=\"width: 1.5em\" src=\"https:\/\/archive.belbi.bg.ac.rs\/2023\/wp-content\/uploads\/2023\/06\/IS-icon.svg\" alt=\"\">14:30-15:00 Anirvan Sengupta (online), <a href=\"https:\/\/archive.belbi.bg.ac.rs\/2023\/abstract\/a-similarity-based-normative-framework-for-bio-plausible-neural-nets\/\" target=\"_blank\" rel=\"noreferrer noopener\">A Similarity-based Normative Framework for Bio-plausible Neural Nets<\/a><br><img loading=\"lazy\" decoding=\"async\" width=\"100\" height=\"50\" class=\"wp-image-3265\" style=\"width: 1.5em\" src=\"https:\/\/archive.belbi.bg.ac.rs\/2023\/wp-content\/uploads\/2023\/06\/IS-icon.svg\" alt=\"\">15:00-15:30 Mladen Nikolic, <a href=\"https:\/\/archive.belbi.bg.ac.rs\/2023\/abstract\/some-applications-of-graph-based-machine-learning-methods-on-biological-data\/\" target=\"_blank\" rel=\"noreferrer noopener\">Some Applications of Graph-Based Machine Learning Methods on Biological Data<\/a><br><img decoding=\"async\" class=\"wp-image-3265\" style=\"width: 1.5em\" src=\"https:\/\/archive.belbi.bg.ac.rs\/2023\/wp-content\/uploads\/2023\/06\/OP-icon.svg\" alt=\"\">15:30-15:45 Milo\u0161 Ko\u0161prdi\u0107, <a href=\"https:\/\/archive.belbi.bg.ac.rs\/2023\/abstract\/zero-and-few-shot-machine-learning-for-named-entity-recognition-in-biomedical-texts\/\" target=\"_blank\" rel=\"noreferrer noopener\">Zero- and Few-Shot Machine Learning for Named Entity Recognition in Biomedical Texts<\/a><br><img decoding=\"async\" class=\"wp-image-3265\" style=\"width: 1.5em\" src=\"https:\/\/archive.belbi.bg.ac.rs\/2023\/wp-content\/uploads\/2023\/06\/OP-icon.svg\" alt=\"\">15:45-16:00 An\u0111elka Ze\u010devi\u0107, <a href=\"https:\/\/archive.belbi.bg.ac.rs\/2023\/abstract\/mapping-of-disease-names-to-disease-codes-based-on-natural-language-processing-techniques\/\" target=\"_blank\" rel=\"noreferrer noopener\">Mapping of Disease Names to Disease Codes based on Natural Language Processing Techniques<\/a><\/div>\n\n\n\n<p><strong>Precision Medicne and Precision Pharmacology<\/strong>, Hall Lavander<span class=\"collapseomatic \" id=\"id69f168fdcc8d1\"  tabindex=\"0\" title=\"\"    ><\/span><div id=\"target-id69f168fdcc8d1\" class=\"collapseomatic_content \">\n\n\n\n<p><img loading=\"lazy\" decoding=\"async\" width=\"100\" height=\"50\" class=\"wp-image-3265\" style=\"width: 1.5em\" src=\"https:\/\/archive.belbi.bg.ac.rs\/2023\/wp-content\/uploads\/2023\/06\/IS-icon.svg\" alt=\"\">14:30-14:55 George Patrinos, <a href=\"https:\/\/archive.belbi.bg.ac.rs\/2023\/abstract\/computational-tools-and-repositories-for-precision-therapeutics-in-the-post-genomic-era\/\" target=\"_blank\" rel=\"noreferrer noopener\">Computational tools and repositories for precision therapeutics in the post-genomic era<\/a><br><img loading=\"lazy\" decoding=\"async\" width=\"100\" height=\"50\" class=\"wp-image-3265\" style=\"width: 1.5em\" src=\"https:\/\/archive.belbi.bg.ac.rs\/2023\/wp-content\/uploads\/2023\/06\/IS-icon.svg\" alt=\"\">14:55-15:20 Alexander Skupin, <a href=\"https:\/\/archive.belbi.bg.ac.rs\/2023\/abstract\/multiomics-integration-by-non-negative-tri-matrix-factorization-reveals-new-target-genes-in-parkinsons-disease\/\">Multiomics Integration by Non-Negative Tri-Matrix Factorization Reveals New Target Genes in Parkinson\u2019s Disease<\/a><br><img loading=\"lazy\" decoding=\"async\" width=\"100\" height=\"50\" class=\"wp-image-3265\" style=\"width: 1.5em\" src=\"https:\/\/archive.belbi.bg.ac.rs\/2023\/wp-content\/uploads\/2023\/06\/IS-icon.svg\" alt=\"\">15:20-15:40 Andrea Gelemanovic, <a href=\"https:\/\/archive.belbi.bg.ac.rs\/2023\/abstract\/can-we-use-biobanks-to-study-infectious-diseases\/\" target=\"_blank\" rel=\"noreferrer noopener\">Can we use biobanks to study infectious diseases?<\/a><br><\/div>\n<\/div>\n<\/div>\n\n\n\n<div class=\"wp-block-columns is-layout-flex wp-block-columns-is-layout-flex\">\n<div class=\"wp-block-column session-time is-layout-flow wp-block-column-is-layout-flow\" style=\"flex-basis:20%\">\n<p>15:15-16:45<\/p>\n<\/div>\n\n\n\n<div class=\"wp-block-column session-desc is-layout-flow wp-block-column-is-layout-flow\" style=\"flex-basis:80%\">\n<p><strong>PHARMGENHUB thematic workshop<\/strong>, Hall Aristotel<span class=\"collapseomatic \" id=\"id69f168fdcc8e1\"  tabindex=\"0\" title=\"\"    ><\/span><div id=\"target-id69f168fdcc8e1\" class=\"collapseomatic_content \"><br>15:15-15:25 Branka Zuki\u0107, PharmGenHUB in Western Balkan Project<br>15:25-15:40 Branka Zuki\u0107, Next Generation Sequencing (NGS) Technology<br>15:40-16:00 Nikola Kotur, Bioinformatic preprocessing of NGS data: from raw data to genetic variants<br>16:20-16:40 Nikola Kotur, Bioinformatics resources in pharmacogenomics research<br>16:40-17:00 Vladimir Gasi\u0107, Interpretation of NGS Results: analysis of pharmacogenomics variants<\/div>\n<\/div>\n<\/div>\n\n\n\n<div class=\"wp-block-columns is-layout-flex wp-block-columns-is-layout-flex\">\n<div class=\"wp-block-column session-time is-layout-flow wp-block-column-is-layout-flow\" style=\"flex-basis:20%\">\n<p>16:00-17:00<\/p>\n<\/div>\n\n\n\n<div class=\"wp-block-column session-desc is-layout-flow wp-block-column-is-layout-flow\" style=\"flex-basis:80%\">\n<p><strong>Business coffee break<\/strong>, Hall Lavander<span class=\"collapseomatic \" id=\"id69f168fdcc8f0\"  tabindex=\"0\" title=\"\"    ><\/span><div id=\"target-id69f168fdcc8f0\" class=\"collapseomatic_content \">1. elMed<br>2. HealthLY<br>3. Baby FM<br>4. DIVS<br>5. CLM startap<br>6. Atfield<br>7. Veles Sense<br>8. Viabio<\/div>\n<\/div>\n<\/div>\n\n\n\n<div class=\"wp-block-columns is-layout-flex wp-block-columns-is-layout-flex\">\n<div class=\"wp-block-column session-time is-layout-flow wp-block-column-is-layout-flow\" style=\"flex-basis:20%\">\n<p>16:30-17:00<\/p>\n<\/div>\n\n\n\n<div class=\"wp-block-column session-desc is-layout-flow wp-block-column-is-layout-flow\" style=\"flex-basis:80%\">\n<p><strong>Coffe break<\/strong>, Lobby<\/p>\n<\/div>\n<\/div>\n\n\n\n<div class=\"wp-block-columns is-layout-flex wp-block-columns-is-layout-flex\">\n<div class=\"wp-block-column session-time is-layout-flow wp-block-column-is-layout-flow\" style=\"flex-basis:20%\">\n<p>17:00-18:00<\/p>\n<\/div>\n\n\n\n<div class=\"wp-block-column session-desc is-layout-flow wp-block-column-is-layout-flow\" style=\"flex-basis:80%\">\n<p><strong>Keynote lecture<\/strong>, Hall Nikola Tesla 1<br>Prof. Dr. Predrag Radivojac (online)<br><a href=\"https:\/\/archive.belbi.bg.ac.rs\/2023\/abstract\/a-new-framework-for-the-use-of-variant-interpretation-tools-in-clinical-practice\/\" target=\"_blank\" rel=\"noreferrer noopener\">A New Framework for the Use of Variant Interpretation Tools in Clinical Practice<\/a><\/p>\n<\/div>\n<\/div>\n\n\n\n<div class=\"wp-block-columns is-layout-flex wp-block-columns-is-layout-flex\">\n<div class=\"wp-block-column session-time is-layout-flow wp-block-column-is-layout-flow\" style=\"flex-basis:20%\">\n<p>18:45-20:00<\/p>\n<\/div>\n\n\n\n<div class=\"wp-block-column session-desc is-layout-flow wp-block-column-is-layout-flow\" style=\"flex-basis:80%\">\n<p><em><a href=\"https:\/\/archive.belbi.bg.ac.rs\/2023\/belgrade-city-tour\/#thursday\">City tour Thursday<\/a><\/em><\/p>\n<\/div>\n<\/div>\n\n\n\n<div class=\"wp-block-columns is-layout-flex wp-block-columns-is-layout-flex\">\n<div class=\"wp-block-column session-time is-layout-flow wp-block-column-is-layout-flow\" style=\"flex-basis:20%\">\n<p>20:30-23:30<\/p>\n<\/div>\n\n\n\n<div class=\"wp-block-column session-desc is-layout-flow wp-block-column-is-layout-flow\" style=\"flex-basis:80%\">\n<p><em>Gala Diner<\/em>, <a href=\"https:\/\/restorankovac.com\/\">Restaurant &#8220;Kova\u010d&#8221;<\/a><\/p>\n<\/div>\n<\/div>\n\n\n\n<h2 class=\"wp-block-heading\">Friday, June 23, 2023<\/h2>\n\n\n\n<div class=\"wp-block-columns is-layout-flex wp-block-columns-is-layout-flex\">\n<div class=\"wp-block-column session-time is-layout-flow wp-block-column-is-layout-flow\" style=\"flex-basis:20%\">\n<p>08:00-09:00<\/p>\n<\/div>\n\n\n\n<div class=\"wp-block-column session-desc is-layout-flow wp-block-column-is-layout-flow\" style=\"flex-basis:80%\">\n<p><strong>Registration<\/strong>, Lobby<\/p>\n<\/div>\n<\/div>\n\n\n\n<div class=\"wp-block-columns is-layout-flex wp-block-columns-is-layout-flex\">\n<div class=\"wp-block-column session-time is-layout-flow wp-block-column-is-layout-flow\" style=\"flex-basis:20%\">\n<p>09:00-10:00<\/p>\n<\/div>\n\n\n\n<div class=\"wp-block-column session-desc is-layout-flow wp-block-column-is-layout-flow\" style=\"flex-basis:80%\">\n<p><strong>Keynote lecture<\/strong>, Hall Nikola Tesla 1<br>Prof. Dr. Jan Baumbach<br><a href=\"https:\/\/archive.belbi.bg.ac.rs\/2023\/abstract\/privacy-preserving-systems-medicine\/\" target=\"_blank\" rel=\"noreferrer noopener\">Privacy-preserving federated systems medicine<\/a><\/p>\n<\/div>\n<\/div>\n\n\n\n<div class=\"wp-block-columns is-layout-flex wp-block-columns-is-layout-flex\">\n<div class=\"wp-block-column session-time is-layout-flow wp-block-column-is-layout-flow\" style=\"flex-basis:20%\">\n<p>10:00-11:30<\/p>\n<\/div>\n\n\n\n<div class=\"wp-block-column session-desc is-layout-flow wp-block-column-is-layout-flow\" style=\"flex-basis:80%\">\n<p><strong><mark style=\"background-color:rgba(0, 0, 0, 0);color:#9161ab\" class=\"has-inline-color\">PARALLEL SESSIONS<\/mark><\/strong><\/p>\n\n\n\n<p><strong>AI\/ML in biology and medicine<\/strong>, Hall Nikola Tesla 1<span class=\"collapseomatic \" id=\"id69f168fdcc900\"  tabindex=\"0\" title=\"\"    ><\/span><div id=\"target-id69f168fdcc900\" class=\"collapseomatic_content \"><img decoding=\"async\" class=\"wp-image-3265\" style=\"width: 1.5em\" src=\"https:\/\/archive.belbi.bg.ac.rs\/2023\/wp-content\/uploads\/2023\/06\/OP-icon.svg\" alt=\"\">10:00-10:20 Goran Rakocevic, <a href=\"https:\/\/archive.belbi.bg.ac.rs\/2023\/abstract\/using-ai-to-design-antibodies\/\" target=\"_blank\" rel=\"noreferrer noopener\">Using AI to design antibodies<\/a><br><img decoding=\"async\" class=\"wp-image-3265\" style=\"width: 1.5em\" src=\"https:\/\/archive.belbi.bg.ac.rs\/2023\/wp-content\/uploads\/2023\/06\/OP-icon.svg\" alt=\"\">10:20-10:40 Niklas Probul, <a href=\"https:\/\/archive.belbi.bg.ac.rs\/2023\/abstract\/newest-advances-on-the-featurecloud-platform-for-federated-learning-in-biomedicine\/\" target=\"_blank\" rel=\"noreferrer noopener\">Newest Advances on the FeatureCloud Platform for Federated Learning in Biomedicine<\/a><br><img decoding=\"async\" class=\"wp-image-3265\" style=\"width: 1.5em\" src=\"https:\/\/archive.belbi.bg.ac.rs\/2023\/wp-content\/uploads\/2023\/06\/OP-icon.svg\" alt=\"\">10:40-11:00 Olga Tsoy, <a href=\"https:\/\/archive.belbi.bg.ac.rs\/2023\/abstract\/from-protein-protein-to-isoform-isoform-interactions-the-toolkit-to-map-alternative-splicing-to-interactome\/\" target=\"_blank\" rel=\"noreferrer noopener\">From protein-protein to isoform-isoform interactions: the toolkit to map alternative splicing to interactome<\/a><br><img decoding=\"async\" class=\"wp-image-3265\" style=\"width: 1.5em\" src=\"https:\/\/archive.belbi.bg.ac.rs\/2023\/wp-content\/uploads\/2023\/06\/OP-icon.svg\" alt=\"\">11:00-11:20 Mhaned Oubounyt, <a href=\"https:\/\/archive.belbi.bg.ac.rs\/2023\/abstract\/deciphering-key-regulatory-networks-and-drug-repurposing-candidates-through-scrnaseq-data-analysis-using-scanet\/\" target=\"_blank\" rel=\"noreferrer noopener\">Deciphering key regulatory networks and drug repurposing candidates through scRNAseq data analysis using SCANet<\/a><br><\/div>\n\n\n\n<p><strong><a href=\"https:\/\/streamlineproject.rs\/streamline-thematic-workshop-bioinformatics-approaches-in-research-of-neurodevelopmental-disorders\/\">STREAMLINE thematic workshop<\/a><\/strong>, Hall Nikola Tesla 2<\/p>\n\n\n\n<p><strong>BirBI: Promotion of the Genomics Section<\/strong>, Hall Lavander<\/p>\n<\/div>\n<\/div>\n\n\n\n<div class=\"wp-block-columns is-layout-flex wp-block-columns-is-layout-flex\">\n<div class=\"wp-block-column session-time is-layout-flow wp-block-column-is-layout-flow\" style=\"flex-basis:20%\">\n<p>11:30-12:30<\/p>\n<\/div>\n\n\n\n<div class=\"wp-block-column session-desc is-layout-flow wp-block-column-is-layout-flow\" style=\"flex-basis:80%\">\n<p><strong>Coffee Break with Poster viewing<\/strong>, Lobby &amp; Hall Lavander<span class=\"collapseomatic \" id=\"id69f168fdcc91a\"  tabindex=\"0\" title=\"\"    ><\/span><div id=\"target-id69f168fdcc91a\" class=\"collapseomatic_content \"><br><em>Ahmed Musa<\/em>, <a href=\"https:\/\/archive.belbi.bg.ac.rs\/2023\/abstract\/machine-learning-based-data-correlation-between-scanning-electron-microscopy-images-and-energy-dispersive-x-ray-spectroscopy-profiles\/\" target=\"_blank\" rel=\"noreferrer noopener\">Machine learning-based data correlation between scanning electron microscopy images and energy-dispersive X-ray spectroscopy profiles<\/a><br><em>Alessia Norbedo<\/em>, <a href=\"https:\/\/archive.belbi.bg.ac.rs\/2023\/abstract\/pacsin2-modifies-mirnas-in-extracellular-vesicles-modulating-thiopurine-response\/\" target=\"_blank\" rel=\"noreferrer noopener\">PACSIN2 modifies miRNAs in extracellular vesicles, modulating thiopurine response<\/a><br><em>Ana Pantelic<\/em>, <a href=\"https:\/\/archive.belbi.bg.ac.rs\/2023\/abstract\/two-contrasting-late-embryogenesis-abounded-protein-family-groups-of-ramonda-serbica-panc\/\" target=\"_blank\" rel=\"noreferrer noopener\">Two contrasting late embryogenesis abounded protein family groups of Ramonda serbica Panc.<\/a><br><em>Andjelo Beletic <\/em>, <a href=\"https:\/\/archive.belbi.bg.ac.rs\/2023\/?post_type=abstract&amp;p=3293\" target=\"_blank\" rel=\"noreferrer noopener\">Mining for the data about glycosylation in the bovines-the analysis of the recently published studies<\/a><br><em>Aydin Akbudak<\/em>, <a href=\"https:\/\/archive.belbi.bg.ac.rs\/2023\/abstract\/genetic-complexity-and-synteny-analysis-of-castanea-genomes-unveiling-the-significance-of-chestnut-species-in-ecological-and-genomic-perspectives\/\" target=\"_blank\" rel=\"noreferrer noopener\">Genetic Complexity and Synteny Analysis of Castanea Genomes: Unveiling the Significance of Chestnut Species in Ecological and Genomic Perspectives<\/a><br><em>Barbara Jenko Bizjan<\/em>, <a href=\"https:\/\/archive.belbi.bg.ac.rs\/2023\/abstract\/different-approaches-in-microrna-analysis\/\" target=\"_blank\" rel=\"noreferrer noopener\">Different approaches in microRNA analysis<\/a><br><em>Bojana Ilic<\/em>, <a href=\"https:\/\/archive.belbi.bg.ac.rs\/2023\/?post_type=abstract&amp;p=2855\" target=\"_blank\" rel=\"noreferrer noopener\">Combined experimental and theoretical study of Type-II toxin-antitoxin system response to antibiotics<\/a><br><em>Danijela Drakulic<\/em>, <a href=\"https:\/\/archive.belbi.bg.ac.rs\/2023\/abstract\/application-of-principal-component-analysis-pca-and-analytical-hierarchy-process-ahp-in-analysis-of-articulatory-characteristics-of-phonemes-of-children-with-22q11-2-deletion-syndrome\/\" target=\"_blank\" rel=\"noreferrer noopener\">Application of principal component analysis (PCA) and analytical hierarchy process (AHP) in analysis of articulatory characteristics of phonemes of children with 22q11.2 Deletion Syndrome<\/a><br><em>Dejana Milic<\/em>, <a href=\"https:\/\/archive.belbi.bg.ac.rs\/2023\/abstract\/efficient-bioinformatics-workflow-for-de-novo-transcriptome-assembly-of-pelargonium-zonale\/\" target=\"_blank\" rel=\"noreferrer noopener\">Efficient bioinformatics workflow for de novo transcriptome assembly of Pelargonium zonale<\/a><br><em>Despina Miseva\/Jovana Dobreva<\/em>, <a href=\"https:\/\/archive.belbi.bg.ac.rs\/2023\/?post_type=abstract&amp;p=3294\" target=\"_blank\" rel=\"noreferrer noopener\">Exploring Changes in Diagnoses during the COVID-19 Era: Comparative Analysis<\/a><br><em>Dusan Radojevic<\/em>, <a href=\"https:\/\/archive.belbi.bg.ac.rs\/2023\/abstract\/shotgun-metagenomics-reveals-gut-microbiota-features-associated-with-the-efficacy-of-myeloid-derived-suppressor-cells-in-the-prevention-of-neuroinflammation\/\" target=\"_blank\" rel=\"noreferrer noopener\">Shotgun metagenomics reveals gut microbiota features associated with the efficacy of myeloid derived suppressor cells in the prevention of neuroinflammation<\/a><br><em>Iva Pruner<\/em>, <a href=\"https:\/\/archive.belbi.bg.ac.rs\/2023\/abstract\/data-mining-for-long-non-coding-rnas-deregulated-in-colon-cancer-through-analysis-of-gene-expression-omnibus-database\/\" target=\"_blank\" rel=\"noreferrer noopener\">Data mining for long-non coding RNAs deregulated in colon cancer through analysis of Gene Expression Omnibus database<\/a><br><em>Ivan Tanasijevi\u0107<\/em>, <a href=\"https:\/\/archive.belbi.bg.ac.rs\/2023\/abstract\/comparative-study-of-in-silico-protein-design-techniques\/\" target=\"_blank\" rel=\"noreferrer noopener\">Comparative study of in silico protein design techniques<\/a><br><em>Ivana Galic<\/em>, <a href=\"https:\/\/archive.belbi.bg.ac.rs\/2023\/abstract\/root-colonization-ability-of-herbicide-resistant-pgp-bacteria-evaluated-by-16s-rrna-metabarcoding\/\" target=\"_blank\" rel=\"noreferrer noopener\">Root colonization ability of herbicide-resistant PGP bacteria evaluated by 16S rRNA metabarcoding<\/a><br><em>Jelena Kusic Tisma<\/em>, <a href=\"https:\/\/archive.belbi.bg.ac.rs\/2023\/abstract\/profiling-pre-replication-complex-mutations-in-cancer\/\" target=\"_blank\" rel=\"noreferrer noopener\">Profiling Pre-Replication Complex Mutations in Cancer<\/a><br><em>Jovana Aran\u0111elovi\u0107<\/em>, <a href=\"https:\/\/archive.belbi.bg.ac.rs\/2023\/abstract\/deciphering-the-reward-related-impulsivity-domains-in-rats-the-big-data-study-of-historical-control\/\" target=\"_blank\" rel=\"noreferrer noopener\">Deciphering the reward-related impulsivity domains in rats: The big data study of historical control<\/a><br><em>Lazar Vasovic<\/em>, <a href=\"https:\/\/archive.belbi.bg.ac.rs\/2023\/abstract\/the-past-the-present-and-the-future-of-rna-secondary-structure-prediction\/\" target=\"_blank\" rel=\"noreferrer noopener\">The past, the present, and the future of RNA secondary structure prediction<\/a><br><em>Marija Atanaskovic<\/em>, <a href=\"https:\/\/archive.belbi.bg.ac.rs\/2023\/abstract\/in-silico-pre-selection-of-glucosidase-gene-for-heterologous-recombinant-expression\/\" target=\"_blank\" rel=\"noreferrer noopener\">In silico pre-selection of \u03b2-glucosidase gene for heterologous recombinant expression<\/a><br><em>Marina Parr<\/em>, <a href=\"https:\/\/archive.belbi.bg.ac.rs\/2023\/abstract\/elongation-factor-p-like-protein-and-polyproline-motifs\/\" target=\"_blank\" rel=\"noreferrer noopener\">Elongation factor P (-like) protein and polyproline motifs<\/a><br><em>Milica Ciric<\/em>, <a href=\"https:\/\/archive.belbi.bg.ac.rs\/2023\/abstract\/groundwater-and-soil-as-a-reservoir-for-polyurethane-degrading-bacteria\/\" target=\"_blank\" rel=\"noreferrer noopener\">Groundwater and soil as a reservoir for polyurethane-degrading bacteria<\/a><br><em>Mirjana Novkovic<\/em>, <a href=\"https:\/\/archive.belbi.bg.ac.rs\/2023\/abstract\/genomic-surveillance-and-phylogenetic-analysis-of-sars-cov-2-variants-in-serbia-insights-into-evolutionary-dynamics-and-genetic-diversity\/\" target=\"_blank\" rel=\"noreferrer noopener\">Genomic Surveillance and Phylogenetic Analysis of SARS-CoV-2 Variants in Serbia: Insights into Evolutionary Dynamics and Genetic Diversity<\/a><br><em>Nika Marolt <\/em>, <a href=\"https:\/\/archive.belbi.bg.ac.rs\/2023\/abstract\/possible-role-of-estrogen-metabolism-and-aldo-keto-reductase-activity-in-chemoresistance-of-ovarian-cancer\/\" target=\"_blank\" rel=\"noreferrer noopener\">Possible role of estrogen metabolism and aldo-keto reductase activity in chemoresistance of ovarian cancer<\/a><br><em>Polina Iarema and Vasilisa Turkina<\/em>, <a href=\"https:\/\/archive.belbi.bg.ac.rs\/2023\/abstract\/computer-analysis-of-glioma-gene-network-structure\/\" target=\"_blank\" rel=\"noreferrer noopener\">Computer analysis of glioma gene network structure<\/a><br><em>Slobodan Davidovic<\/em>, <a href=\"https:\/\/archive.belbi.bg.ac.rs\/2023\/abstract\/evaluating-nd1-and-cytb-mitochondrial-genes-as-markers-for-diversity-analysis-of-protected-white-tailed-eagle-species-from-serbia\/\" target=\"_blank\" rel=\"noreferrer noopener\">Evaluating ND1 and Cytb mitochondrial genes as markers for diversity analysis of protected White-tailed eagle species from Serbia<\/a><br><em>Vasilije Matic <\/em>, <a href=\"https:\/\/archive.belbi.bg.ac.rs\/2023\/abstract\/energy-and-information-exchange-between-donor-and-molecular-bridge-structures-non-adiabatic-polaron-model\/\" target=\"_blank\" rel=\"noreferrer noopener\">Energy and information exchange between \u201cdonor\u201d and \u201cmolecular bridge\u201d structures: non adiabatic polaron model<\/a><br><em>Yury A. Barbitoff<\/em>, <a href=\"https:\/\/archive.belbi.bg.ac.rs\/2023\/abstract\/seeking-an-optimal-variant-calling-pipeline-for-medical-genetics\/\" target=\"_blank\" rel=\"noreferrer noopener\">Seeking an optimal variant calling pipeline for medical genetics<\/a><\/div>\n<\/div>\n<\/div>\n\n\n\n<div class=\"wp-block-columns is-layout-flex wp-block-columns-is-layout-flex\">\n<div class=\"wp-block-column session-time is-layout-flow wp-block-column-is-layout-flow\" style=\"flex-basis:20%\">\n<p>12:30-13:30<\/p>\n<\/div>\n\n\n\n<div class=\"wp-block-column session-desc is-layout-flow wp-block-column-is-layout-flow\" style=\"flex-basis:80%\">\n<p><strong><mark style=\"background-color:rgba(0, 0, 0, 0);color:#9161ab\" class=\"has-inline-color\">PARALLEL SESSIONS<\/mark><\/strong><\/p>\n\n\n\n<p><strong>Bioinformatics databases and algorithms<\/strong>, Hall Nikola Tesla 1<span class=\"collapseomatic \" id=\"id69f168fdcc92d\"  tabindex=\"0\" title=\"\"    ><\/span><div id=\"target-id69f168fdcc92d\" class=\"collapseomatic_content \">\n\n\n\n<p><img loading=\"lazy\" decoding=\"async\" width=\"100\" height=\"50\" class=\"wp-image-3265\" style=\"width: 1.5em\" src=\"https:\/\/archive.belbi.bg.ac.rs\/2023\/wp-content\/uploads\/2023\/06\/IS-icon.svg\" alt=\"\">12:30-12:55 Jorge Duitama, <a href=\"https:\/\/archive.belbi.bg.ac.rs\/2023\/abstract\/an-integrated-platform-for-genome-assembly-comparative-genomics-and-management-of-genomic-variation-databases\/\" target=\"_blank\" rel=\"noreferrer noopener\">An integrated platform for genome assembly, comparative genomics and management of genomic variation databases<\/a><br><img decoding=\"async\" class=\"wp-image-3265\" style=\"width: 1.5em\" src=\"https:\/\/archive.belbi.bg.ac.rs\/2023\/wp-content\/uploads\/2023\/06\/OP-icon.svg\" alt=\"\">12:55-13:10 Andreas Maier, <a href=\"https:\/\/archive.belbi.bg.ac.rs\/2023\/abstract\/drugst-one-a-plug-and-play-solution-for-online-systems-medicine-and-network-based-drug-repurposing\/\" target=\"_blank\" rel=\"noreferrer noopener\">Drugst.One \u2013 A plug-and-play solution for online systems medicine and network-based drug repurposing<\/a><br><img decoding=\"async\" class=\"wp-image-3265\" style=\"width: 1.5em\" src=\"https:\/\/archive.belbi.bg.ac.rs\/2023\/wp-content\/uploads\/2023\/06\/OP-icon.svg\" alt=\"\">13:10-13:20 Aleksandar Veljkovic, <a href=\"https:\/\/archive.belbi.bg.ac.rs\/2023\/abstract\/semantic-unification-and-search-of-bioinformatics-databases\/\" target=\"_blank\" rel=\"noreferrer noopener\">Semantic unification and search of bioinformatics databases<\/a><br><img decoding=\"async\" class=\"wp-image-3265\" style=\"width: 1.5em\" src=\"https:\/\/archive.belbi.bg.ac.rs\/2023\/wp-content\/uploads\/2023\/06\/OP-icon.svg\" alt=\"\">13:20-13:30 Drenka Trivanovi\u0107, <a href=\"https:\/\/archive.belbi.bg.ac.rs\/2023\/abstract\/fatty-acid-data-analysis-unravels-skeletal-site-and-age-specific-features-of-human-bone-marrow-adiposity\/\" target=\"_blank\" rel=\"noreferrer noopener\">Fatty Acid Data Analysis Unravels Skeletal Site and Age-Specific Features of Human Bone Marrow Adiposity<\/a><\/div>\n\n\n\n<p><strong>Precision medicine and Precision pharmacology<\/strong>, Hall Nikola Tesla 2<span class=\"collapseomatic \" id=\"id69f168fdcc93d\"  tabindex=\"0\" title=\"\"    ><\/span><div id=\"target-id69f168fdcc93d\" class=\"collapseomatic_content \">\n\n\n\n<p><img loading=\"lazy\" decoding=\"async\" width=\"100\" height=\"50\" class=\"wp-image-3265\" style=\"width: 1.5em\" src=\"https:\/\/archive.belbi.bg.ac.rs\/2023\/wp-content\/uploads\/2023\/06\/IS-icon.svg\" alt=\"\">12:30-13:00 Andrea Ciliberto, <a href=\"https:\/\/archive.belbi.bg.ac.rs\/2023\/abstract\/uncovering-resistance-to-microtubule-targeting-drugs\/\" target=\"_blank\" rel=\"noreferrer noopener\">Uncovering resistance to microtubule targeting drugs<\/a><br><img decoding=\"async\" class=\"wp-image-3265\" style=\"width: 1.5em\" src=\"https:\/\/archive.belbi.bg.ac.rs\/2023\/wp-content\/uploads\/2023\/06\/OP-icon.svg\" alt=\"\">13:00-13:15 Klaudia Adamowicz, <a href=\"https:\/\/archive.belbi.bg.ac.rs\/2023\/abstract\/online-in-silico-validation-of-disease-and-gene-sets-clusterings-or-subnetworks-with-digest\/\" target=\"_blank\" rel=\"noreferrer noopener\">Online in silico validation of disease and gene sets, clusterings or subnetworks with DIGEST<\/a><br><img decoding=\"async\" class=\"wp-image-3265\" style=\"width: 1.5em\" src=\"https:\/\/archive.belbi.bg.ac.rs\/2023\/wp-content\/uploads\/2023\/06\/OP-icon.svg\" alt=\"\">13:15-13:30 Michael Hartung, <a href=\"https:\/\/archive.belbi.bg.ac.rs\/2023\/abstract\/caddie-an-online-knowledge-base-for-network-based-mechanism-exploration-and-drug-repurposing-in-oncology\/\">CADDIE \u2013 An online knowledge base for network-based mechanism exploration and drug repurposing in oncology<\/a><\/p>\n\n\n\n<\/div>\n\n\n\n<p><strong>Genetic data<\/strong>, Hall Lavander<span class=\"collapseomatic \" id=\"id69f168fdcc95b\"  tabindex=\"0\" title=\"\"    ><\/span><div id=\"target-id69f168fdcc95b\" class=\"collapseomatic_content \">\n\n\n\n<p><img loading=\"lazy\" decoding=\"async\" width=\"100\" height=\"50\" class=\"wp-image-3265\" style=\"width: 1.5em\" src=\"https:\/\/archive.belbi.bg.ac.rs\/2023\/wp-content\/uploads\/2023\/06\/IS-icon.svg\" alt=\"\">12:30-13:00 Ivan Jovanovi\u0107, <a href=\"https:\/\/archive.belbi.bg.ac.rs\/2023\/abstract\/exploring-the-impact-of-rare-copy-number-variants-on-mirna-genes-in-cakut-insights-from-integrated-bioinformatic-analysis-and-experimental-validation\/\" target=\"_blank\" rel=\"noreferrer noopener\">Exploring the impact of rare Copy Number Variants on miRNA genes in CAKUT: Insights from integrated bioinformatic analysis and experimental validation<\/a><br><img decoding=\"async\" class=\"wp-image-3265\" style=\"width: 1.5em\" src=\"https:\/\/archive.belbi.bg.ac.rs\/2023\/wp-content\/uploads\/2023\/06\/OP-icon.svg\" alt=\"\">13:00-13:15 Du\u0161an U\u0161jak, <a href=\"https:\/\/archive.belbi.bg.ac.rs\/2023\/abstract\/using-whole-exome-sequencing-to-explore-genetic-basis-of-unicuspid-aortic-valve-disease\/\" target=\"_blank\" rel=\"noreferrer noopener\">Using whole exome sequencing to explore genetic basis of unicuspid aortic valve disease<\/a><br><img decoding=\"async\" class=\"wp-image-3265\" style=\"width: 1.5em\" src=\"https:\/\/archive.belbi.bg.ac.rs\/2023\/wp-content\/uploads\/2023\/06\/OP-icon.svg\" alt=\"\">13:15-13:30 Aleksandra Divac Rankov, <a href=\"https:\/\/archive.belbi.bg.ac.rs\/2023\/abstract\/decoding-cystic-fibrosis-phenotype\/\" target=\"_blank\" rel=\"noreferrer noopener\">Decoding Cystic Fibrosis Phenotype<\/a><\/div>\n<\/div>\n<\/div>\n\n\n\n<div class=\"wp-block-columns is-layout-flex wp-block-columns-is-layout-flex\">\n<div class=\"wp-block-column session-time is-layout-flow wp-block-column-is-layout-flow\" style=\"flex-basis:20%\">\n<p>13:30-14:30<\/p>\n<\/div>\n\n\n\n<div class=\"wp-block-column session-desc is-layout-flow wp-block-column-is-layout-flow\" style=\"flex-basis:80%\">\n<p><strong>Lunch<\/strong>, Restaurant<\/p>\n<\/div>\n<\/div>\n\n\n\n<div class=\"wp-block-columns is-layout-flex wp-block-columns-is-layout-flex\">\n<div class=\"wp-block-column session-time is-layout-flow wp-block-column-is-layout-flow\" style=\"flex-basis:20%\">\n<p>14:30-15:00<\/p>\n<\/div>\n\n\n\n<div class=\"wp-block-column session-desc is-layout-flow wp-block-column-is-layout-flow\" style=\"flex-basis:80%\">\n<p><strong>Closing ceremony<\/strong><\/p>\n<\/div>\n<\/div>\n\n\n\n<div class=\"wp-block-columns is-layout-flex wp-block-columns-is-layout-flex\">\n<div class=\"wp-block-column session-time is-layout-flow wp-block-column-is-layout-flow\" style=\"flex-basis:20%\">\n<p>17:30-20:00<\/p>\n<\/div>\n\n\n\n<div class=\"wp-block-column session-desc is-layout-flow wp-block-column-is-layout-flow\" style=\"flex-basis:80%\">\n<p><em><a href=\"https:\/\/archive.belbi.bg.ac.rs\/2023\/belgrade-city-tour\/#friday\">City tour Friday<\/a><\/em><\/p>\n<\/div>\n<\/div>\n","protected":false},"excerpt":{"rendered":"<p>Monday, June 19, 2023 09:00-11:00 Registration, Lobby 11:00-11:30 Opening Ceremony, Hall Nikola Tesla 1 11:30-12:30 Keynote lecture, Hall Nikola Tesla 1Prof. Dr. Ewan Birney (online)Big Data in Biology: How EMBL delivers big data for biology, and some highlights of its application to human disease 12:30-13:30 Keynote lecture, Hall Nikola Tesla\u2026<\/p>\n<p> <a class=\"continue-reading-link\" href=\"https:\/\/archive.belbi.bg.ac.rs\/2023\/program\/\"><span>Continue reading<\/span><i class=\"crycon-right-dir\"><\/i><\/a> <\/p>\n","protected":false},"author":1,"featured_media":0,"parent":0,"menu_order":0,"comment_status":"closed","ping_status":"closed","template":"","meta":{"footnotes":""},"yoast_head":"<!-- This site is optimized with the Yoast SEO plugin v23.0 - https:\/\/yoast.com\/wordpress\/plugins\/seo\/ -->\n<title>Final Program - BelBi 2023<\/title>\n<meta name=\"description\" content=\"Belgrade Bioinformatics Conference - BelBi 2023: View the program in a full schedule and explore the parallel sessions.\" \/>\n<meta name=\"robots\" content=\"index, follow, max-snippet:-1, max-image-preview:large, max-video-preview:-1\" \/>\n<link rel=\"canonical\" href=\"https:\/\/archive.belbi.bg.ac.rs\/2023\/program\/\" \/>\n<meta property=\"og:locale\" content=\"en_US\" \/>\n<meta property=\"og:type\" content=\"article\" \/>\n<meta property=\"og:title\" content=\"Final Program - BelBi 2023\" \/>\n<meta property=\"og:description\" content=\"Belgrade Bioinformatics Conference - BelBi 2023: View the program in a full schedule and explore the parallel sessions.\" \/>\n<meta property=\"og:url\" content=\"https:\/\/archive.belbi.bg.ac.rs\/2023\/program\/\" \/>\n<meta property=\"og:site_name\" content=\"BelBi 2023\" \/>\n<meta property=\"article:modified_time\" content=\"2023-07-14T15:35:08+00:00\" \/>\n<meta property=\"og:image\" content=\"https:\/\/archive.belbi.bg.ac.rs\/2023\/wp-content\/uploads\/2023\/06\/IS-icon.svg\" \/>\n<meta name=\"twitter:card\" content=\"summary_large_image\" \/>\n<meta name=\"twitter:label1\" content=\"Est. reading time\" \/>\n\t<meta name=\"twitter:data1\" content=\"25 minutes\" \/>\n<script type=\"application\/ld+json\" class=\"yoast-schema-graph\">{\"@context\":\"https:\/\/schema.org\",\"@graph\":[{\"@type\":\"WebPage\",\"@id\":\"https:\/\/archive.belbi.bg.ac.rs\/2023\/program\/\",\"url\":\"https:\/\/archive.belbi.bg.ac.rs\/2023\/program\/\",\"name\":\"Final Program - BelBi 2023\",\"isPartOf\":{\"@id\":\"https:\/\/archive.belbi.bg.ac.rs\/2023\/#website\"},\"primaryImageOfPage\":{\"@id\":\"https:\/\/archive.belbi.bg.ac.rs\/2023\/program\/#primaryimage\"},\"image\":{\"@id\":\"https:\/\/archive.belbi.bg.ac.rs\/2023\/program\/#primaryimage\"},\"thumbnailUrl\":\"https:\/\/archive.belbi.bg.ac.rs\/2023\/wp-content\/uploads\/2023\/06\/IS-icon.svg\",\"datePublished\":\"2023-03-19T23:29:15+00:00\",\"dateModified\":\"2023-07-14T15:35:08+00:00\",\"description\":\"Belgrade Bioinformatics Conference - BelBi 2023: View the program in a full schedule and explore the parallel sessions.\",\"breadcrumb\":{\"@id\":\"https:\/\/archive.belbi.bg.ac.rs\/2023\/program\/#breadcrumb\"},\"inLanguage\":\"en-US\",\"potentialAction\":[{\"@type\":\"ReadAction\",\"target\":[\"https:\/\/archive.belbi.bg.ac.rs\/2023\/program\/\"]}]},{\"@type\":\"ImageObject\",\"inLanguage\":\"en-US\",\"@id\":\"https:\/\/archive.belbi.bg.ac.rs\/2023\/program\/#primaryimage\",\"url\":\"https:\/\/archive.belbi.bg.ac.rs\/2023\/wp-content\/uploads\/2023\/06\/IS-icon.svg\",\"contentUrl\":\"https:\/\/archive.belbi.bg.ac.rs\/2023\/wp-content\/uploads\/2023\/06\/IS-icon.svg\",\"width\":100,\"height\":50},{\"@type\":\"BreadcrumbList\",\"@id\":\"https:\/\/archive.belbi.bg.ac.rs\/2023\/program\/#breadcrumb\",\"itemListElement\":[{\"@type\":\"ListItem\",\"position\":1,\"name\":\"Home\",\"item\":\"https:\/\/archive.belbi.bg.ac.rs\/2023\/\"},{\"@type\":\"ListItem\",\"position\":2,\"name\":\"Final Program\"}]},{\"@type\":\"WebSite\",\"@id\":\"https:\/\/archive.belbi.bg.ac.rs\/2023\/#website\",\"url\":\"https:\/\/archive.belbi.bg.ac.rs\/2023\/\",\"name\":\"BelBi 2023\",\"description\":\"\",\"publisher\":{\"@id\":\"https:\/\/archive.belbi.bg.ac.rs\/2023\/#organization\"},\"potentialAction\":[{\"@type\":\"SearchAction\",\"target\":{\"@type\":\"EntryPoint\",\"urlTemplate\":\"https:\/\/archive.belbi.bg.ac.rs\/2023\/?s={search_term_string}\"},\"query-input\":\"required name=search_term_string\"}],\"inLanguage\":\"en-US\"},{\"@type\":\"Organization\",\"@id\":\"https:\/\/archive.belbi.bg.ac.rs\/2023\/#organization\",\"name\":\"Belgrade Bioinformatics Conference\",\"url\":\"https:\/\/archive.belbi.bg.ac.rs\/2023\/\",\"logo\":{\"@type\":\"ImageObject\",\"inLanguage\":\"en-US\",\"@id\":\"https:\/\/archive.belbi.bg.ac.rs\/2023\/#\/schema\/logo\/image\/\",\"url\":\"https:\/\/archive.belbi.bg.ac.rs\/2023\/wp-content\/uploads\/2023\/02\/145_97_171.png\",\"contentUrl\":\"https:\/\/archive.belbi.bg.ac.rs\/2023\/wp-content\/uploads\/2023\/02\/145_97_171.png\",\"width\":278,\"height\":500,\"caption\":\"Belgrade Bioinformatics Conference\"},\"image\":{\"@id\":\"https:\/\/archive.belbi.bg.ac.rs\/2023\/#\/schema\/logo\/image\/\"}}]}<\/script>\n<!-- \/ Yoast SEO plugin. -->","yoast_head_json":{"title":"Final Program - BelBi 2023","description":"Belgrade Bioinformatics Conference - BelBi 2023: View the program in a full schedule and explore the parallel sessions.","robots":{"index":"index","follow":"follow","max-snippet":"max-snippet:-1","max-image-preview":"max-image-preview:large","max-video-preview":"max-video-preview:-1"},"canonical":"https:\/\/archive.belbi.bg.ac.rs\/2023\/program\/","og_locale":"en_US","og_type":"article","og_title":"Final Program - BelBi 2023","og_description":"Belgrade Bioinformatics Conference - BelBi 2023: View the program in a full schedule and explore the parallel sessions.","og_url":"https:\/\/archive.belbi.bg.ac.rs\/2023\/program\/","og_site_name":"BelBi 2023","article_modified_time":"2023-07-14T15:35:08+00:00","og_image":[{"url":"https:\/\/archive.belbi.bg.ac.rs\/2023\/wp-content\/uploads\/2023\/06\/IS-icon.svg"}],"twitter_card":"summary_large_image","twitter_misc":{"Est. reading time":"25 minutes"},"schema":{"@context":"https:\/\/schema.org","@graph":[{"@type":"WebPage","@id":"https:\/\/archive.belbi.bg.ac.rs\/2023\/program\/","url":"https:\/\/archive.belbi.bg.ac.rs\/2023\/program\/","name":"Final Program - BelBi 2023","isPartOf":{"@id":"https:\/\/archive.belbi.bg.ac.rs\/2023\/#website"},"primaryImageOfPage":{"@id":"https:\/\/archive.belbi.bg.ac.rs\/2023\/program\/#primaryimage"},"image":{"@id":"https:\/\/archive.belbi.bg.ac.rs\/2023\/program\/#primaryimage"},"thumbnailUrl":"https:\/\/archive.belbi.bg.ac.rs\/2023\/wp-content\/uploads\/2023\/06\/IS-icon.svg","datePublished":"2023-03-19T23:29:15+00:00","dateModified":"2023-07-14T15:35:08+00:00","description":"Belgrade Bioinformatics Conference - BelBi 2023: View the program in a full schedule and explore the parallel sessions.","breadcrumb":{"@id":"https:\/\/archive.belbi.bg.ac.rs\/2023\/program\/#breadcrumb"},"inLanguage":"en-US","potentialAction":[{"@type":"ReadAction","target":["https:\/\/archive.belbi.bg.ac.rs\/2023\/program\/"]}]},{"@type":"ImageObject","inLanguage":"en-US","@id":"https:\/\/archive.belbi.bg.ac.rs\/2023\/program\/#primaryimage","url":"https:\/\/archive.belbi.bg.ac.rs\/2023\/wp-content\/uploads\/2023\/06\/IS-icon.svg","contentUrl":"https:\/\/archive.belbi.bg.ac.rs\/2023\/wp-content\/uploads\/2023\/06\/IS-icon.svg","width":100,"height":50},{"@type":"BreadcrumbList","@id":"https:\/\/archive.belbi.bg.ac.rs\/2023\/program\/#breadcrumb","itemListElement":[{"@type":"ListItem","position":1,"name":"Home","item":"https:\/\/archive.belbi.bg.ac.rs\/2023\/"},{"@type":"ListItem","position":2,"name":"Final Program"}]},{"@type":"WebSite","@id":"https:\/\/archive.belbi.bg.ac.rs\/2023\/#website","url":"https:\/\/archive.belbi.bg.ac.rs\/2023\/","name":"BelBi 2023","description":"","publisher":{"@id":"https:\/\/archive.belbi.bg.ac.rs\/2023\/#organization"},"potentialAction":[{"@type":"SearchAction","target":{"@type":"EntryPoint","urlTemplate":"https:\/\/archive.belbi.bg.ac.rs\/2023\/?s={search_term_string}"},"query-input":"required name=search_term_string"}],"inLanguage":"en-US"},{"@type":"Organization","@id":"https:\/\/archive.belbi.bg.ac.rs\/2023\/#organization","name":"Belgrade Bioinformatics Conference","url":"https:\/\/archive.belbi.bg.ac.rs\/2023\/","logo":{"@type":"ImageObject","inLanguage":"en-US","@id":"https:\/\/archive.belbi.bg.ac.rs\/2023\/#\/schema\/logo\/image\/","url":"https:\/\/archive.belbi.bg.ac.rs\/2023\/wp-content\/uploads\/2023\/02\/145_97_171.png","contentUrl":"https:\/\/archive.belbi.bg.ac.rs\/2023\/wp-content\/uploads\/2023\/02\/145_97_171.png","width":278,"height":500,"caption":"Belgrade Bioinformatics Conference"},"image":{"@id":"https:\/\/archive.belbi.bg.ac.rs\/2023\/#\/schema\/logo\/image\/"}}]}},"_links":{"self":[{"href":"https:\/\/archive.belbi.bg.ac.rs\/2023\/wp-json\/wp\/v2\/pages\/1931"}],"collection":[{"href":"https:\/\/archive.belbi.bg.ac.rs\/2023\/wp-json\/wp\/v2\/pages"}],"about":[{"href":"https:\/\/archive.belbi.bg.ac.rs\/2023\/wp-json\/wp\/v2\/types\/page"}],"author":[{"embeddable":true,"href":"https:\/\/archive.belbi.bg.ac.rs\/2023\/wp-json\/wp\/v2\/users\/1"}],"replies":[{"embeddable":true,"href":"https:\/\/archive.belbi.bg.ac.rs\/2023\/wp-json\/wp\/v2\/comments?post=1931"}],"version-history":[{"count":50,"href":"https:\/\/archive.belbi.bg.ac.rs\/2023\/wp-json\/wp\/v2\/pages\/1931\/revisions"}],"predecessor-version":[{"id":3425,"href":"https:\/\/archive.belbi.bg.ac.rs\/2023\/wp-json\/wp\/v2\/pages\/1931\/revisions\/3425"}],"wp:attachment":[{"href":"https:\/\/archive.belbi.bg.ac.rs\/2023\/wp-json\/wp\/v2\/media?parent=1931"}],"curies":[{"name":"wp","href":"https:\/\/api.w.org\/{rel}","templated":true}]}}